{"id":19998,"date":"2021-01-07T10:16:53","date_gmt":"2021-01-07T09:16:53","guid":{"rendered":"https:\/\/www.ascona-locarno-run.ch\/?page_id=19998"},"modified":"2026-01-26T14:11:46","modified_gmt":"2026-01-26T13:11:46","slug":"levenement","status":"publish","type":"page","link":"https:\/\/www.ascona-locarno-run.ch\/fr\/levenement\/","title":{"rendered":"L&rsquo;\u00e9v\u00e8nement"},"content":{"rendered":"<p><div class=\"fusion-fullwidth fullwidth-box fusion-builder-row-1 has-pattern-background has-mask-background nonhundred-percent-fullwidth non-hundred-percent-height-scrolling\" style=\"--awb-border-sizes-top:0px;--awb-border-sizes-bottom:0px;--awb-border-sizes-left:0px;--awb-border-sizes-right:0px;--awb-border-color:#f2f2f2;--awb-border-style:dashed;--awb-border-radius-top-left:0px;--awb-border-radius-top-right:0px;--awb-border-radius-bottom-right:0px;--awb-border-radius-bottom-left:0px;--awb-padding-bottom:0px;--awb-flex-wrap:wrap;\" ><div class=\"fusion-builder-row fusion-row\"><div class=\"fusion-layout-column fusion_builder_column fusion-builder-column-0 fusion_builder_column_1_1 1_1 fusion-one-full fusion-column-first fusion-column-last\" style=\"--awb-bg-size:cover;\"><div class=\"fusion-column-wrapper fusion-column-has-shadow fusion-flex-column-wrapper-legacy\"><div class=\"fusion-text fusion-text-1\"><div style=\"width: 1100px;\" class=\"wp-video\"><video class=\"wp-video-shortcode\" id=\"video-19998-1\" width=\"1100\" height=\"619\" preload=\"metadata\" controls=\"controls\"><source type=\"video\/mp4\" src=\"https:\/\/www.ascona-locarno-run.ch\/wp-content\/uploads\/2020\/02\/Emozionale_40-sec_17MB.mp4?_=1\" \/><a href=\"https:\/\/www.ascona-locarno-run.ch\/wp-content\/uploads\/2020\/02\/Emozionale_40-sec_17MB.mp4\">https:\/\/www.ascona-locarno-run.ch\/wp-content\/uploads\/2020\/02\/Emozionale_40-sec_17MB.mp4<\/a><\/video><\/div>\n<\/div><div class=\"fusion-sep-clear\"><\/div><div class=\"fusion-separator fusion-full-width-sep\" style=\"margin-left: auto;margin-right: auto;margin-top:10px;margin-bottom:10px;width:100%;\"><\/div><div class=\"fusion-sep-clear\"><\/div><div class=\"fusion-text fusion-text-2\"><p><strong>La course Ascona-Locarno est une occasion unique de visiter la r\u00e9gion du lac Majeur dans son cadre automnal anim\u00e9.<\/strong><\/p>\n<p>Des lieux attrayants tels que la Piazza Grande \u00e0 Locarno &#8211; point de d\u00e9part et d&rsquo;arriv\u00e9e des courses &#8211; ainsi que la promenade du lac d&rsquo;Ascona feront partie int\u00e9grante du parcours, qui peut \u00eatre choisi en fonction de vos besoins sportifs et comp\u00e9titifs : <a href=\"https:\/\/www.ascona-locarno-run.ch\/fr\/courses\/5-km-sunset-run\/\"><strong>5 km Sunset Run<\/strong><\/a>, <a href=\"https:\/\/www.ascona-locarno-run.ch\/fr\/10-km-walking-and-nordic-walking\/\"><strong>10 km Walking &amp; Nordic Walking<\/strong><\/a>, <a href=\"https:\/\/www.ascona-locarno-run.ch\/fr\/courses\/10-km-run\/\"><strong>10 km Run<\/strong><\/a>, <a href=\"https:\/\/www.ascona-locarno-run.ch\/fr\/courses\/21-km-half-marathon\/\"><strong>21 km Half Marathon<\/strong><\/a>. Les enfants peuvent se mesurer \u00e0 leurs camarades lors de la course populaire <strong><a href=\"https:\/\/www.ascona-locarno-run.ch\/fr\/courses\/kidsrun\/\">Kids Run<\/a><\/strong>.<\/p>\n<\/div><div class=\"fusion-clearfix\"><\/div><\/div><\/div><\/div><\/div><div class=\"fusion-fullwidth fullwidth-box fusion-builder-row-2 has-pattern-background has-mask-background nonhundred-percent-fullwidth non-hundred-percent-height-scrolling\" style=\"--awb-border-color:#efefef;--awb-border-radius-top-left:20px;--awb-border-radius-top-right:20px;--awb-border-radius-bottom-right:20px;--awb-border-radius-bottom-left:20px;--awb-overflow:hidden;--awb-padding-top:40px;--awb-padding-right:20px;--awb-padding-bottom:10px;--awb-padding-left:20px;--awb-margin-top:30px;--awb-background-color:var(--awb-custom12);--awb-flex-wrap:wrap;\" ><div class=\"fusion-builder-row fusion-row\"><div class=\"fusion-layout-column fusion_builder_column fusion-builder-column-1 fusion_builder_column_1_1 1_1 fusion-one-full fusion-column-first fusion-column-last\" style=\"--awb-bg-blend:overlay;--awb-bg-size:cover;\"><div class=\"fusion-column-wrapper fusion-column-has-shadow fusion-flex-column-wrapper-legacy\"><div class=\"fusion-text fusion-text-3\" style=\"--awb-text-transform:uppercase;--awb-text-color:var(--awb-color1);--awb-text-font-family:&quot;Poppins&quot;;--awb-text-font-style:italic;--awb-text-font-weight:800;\"><p style=\"text-align: center; font-size: 20px;\">Qu&rsquo;attendez-vous ? Inscrivez-vous d\u00e8s maintenant et venez courir ou marcher avec nous !<br \/>\n<strong><span style=\"color: #ff0000;\">Ascona-Locarno: \u00ab\u00a0L&rsquo;endroit parfait pour votre course !\u00a0\u00bb<\/span><\/strong><\/p>\n<\/div><div class=\"fusion-clearfix\"><\/div><\/div><\/div><\/div><\/div><div class=\"fusion-fullwidth fullwidth-box fusion-builder-row-3 nonhundred-percent-fullwidth non-hundred-percent-height-scrolling\" style=\"--awb-border-sizes-top:0px;--awb-border-sizes-bottom:0px;--awb-border-sizes-left:0px;--awb-border-sizes-right:0px;--awb-border-color:#f7f7f7;--awb-border-style:dashed;--awb-border-radius-top-left:0px;--awb-border-radius-top-right:0px;--awb-border-radius-bottom-right:0px;--awb-border-radius-bottom-left:0px;--awb-flex-wrap:wrap;\" ><div class=\"fusion-builder-row fusion-row\"><div class=\"fusion-layout-column fusion_builder_column fusion-builder-column-2 fusion_builder_column_1_1 1_1 fusion-one-full fusion-column-first fusion-column-last\" style=\"--awb-bg-size:cover;--awb-margin-top:30px;\" data-scroll-devices=\"small-visibility,medium-visibility,large-visibility\"><div class=\"fusion-column-wrapper fusion-column-has-shadow fusion-flex-column-wrapper-legacy\"><div class=\"fusion-title title fusion-title-1 fusion-sep-none fusion-title-center fusion-title-text fusion-title-size-three\"><h3 class=\"fusion-title-heading title-heading-center fusion-responsive-typography-calculated\" style=\"margin:0;--fontSize:26;--minFontSize:26;line-height:1.23;\">PROGRAMME<\/h3><\/div><div class=\"fusion-clearfix\"><\/div><\/div><\/div><div class=\"fusion-layout-column fusion_builder_column fusion-builder-column-3 fusion_builder_column_1_1 1_1 fusion-one-full fusion-column-first fusion-column-last\" style=\"--awb-bg-size:cover;\"><div class=\"fusion-column-wrapper fusion-column-has-shadow fusion-flex-column-wrapper-legacy\"><div class=\"fusion-text fusion-text-4\" style=\"--awb-text-transform:none;\"><p><strong>Samedi 10 octobre 2026<\/strong><\/p>\n<\/p>\n<div class=\"table-1\">\n<table width=\"100%\">\n<tbody>\n<tr>\n<td align=\"left\">15:15<\/td>\n<td align=\"left\"><a href=\"https:\/\/www.ascona-locarno-run.ch\/fr\/courses\/kidsrun\/\"><strong>Kids Run<\/strong><\/a><\/td>\n<\/tr>\n<tr>\n<td align=\"left\">18:15<\/td>\n<td align=\"left\"><a href=\"https:\/\/www.ascona-locarno-run.ch\/fr\/courses\/5-km-sunset-run\/\"><strong>5 km Sunset Run<\/strong><\/a><\/td>\n<\/tr>\n<tr>\n<td align=\"left\">19:15<\/td>\n<td align=\"left\">Remise des prix de <strong>5 km Sunset Run<\/strong><\/td>\n<\/tr>\n<\/tbody>\n<\/table>\n<\/div>\n<p>\n<\/div><div class=\"fusion-clearfix\"><\/div><\/div><\/div><div class=\"fusion-layout-column fusion_builder_column fusion-builder-column-4 fusion_builder_column_1_1 1_1 fusion-one-full fusion-column-first fusion-column-last\" style=\"--awb-bg-size:cover;\"><div class=\"fusion-column-wrapper fusion-column-has-shadow fusion-flex-column-wrapper-legacy\"><div class=\"fusion-text fusion-text-5\" style=\"--awb-text-transform:none;\"><p><strong>Dimanche 11 octobre 2026<\/strong><\/p>\n<div>\n<\/p>\n<div class=\"table-1\">\n<table width=\"100%\">\n<tbody>\n<tr>\n<td align=\"left\">8:45<\/td>\n<td align=\"left\">Warm-up<\/td>\n<\/tr>\n<tr>\n<td align=\"left\">9:10<\/td>\n<td align=\"left\"><a href=\"https:\/\/www.ascona-locarno-run.ch\/fr\/courses\/21-km-half-marathon\/\"><strong>21 km Half Marathon<\/strong><\/a><\/td>\n<\/tr>\n<tr>\n<td align=\"left\">9:30<\/td>\n<td align=\"left\"><a href=\"https:\/\/www.ascona-locarno-run.ch\/fr\/10-km-walking-and-nordic-walking\/\"><strong>10 km Walking &amp; Nordic Walking<\/strong><\/a><\/td>\n<\/tr>\n<tr>\n<td align=\"left\">11:45<\/td>\n<td align=\"left\">Warm-up<\/td>\n<\/tr>\n<tr>\n<td align=\"left\">12:00<\/td>\n<td align=\"left\">Pasta Party<\/td>\n<\/tr>\n<tr>\n<td align=\"left\">12:10<\/td>\n<td align=\"left\"><a href=\"https:\/\/www.ascona-locarno-run.ch\/fr\/courses\/10-km-run\/\"><strong>10 km Run<\/strong><\/a><\/td>\n<\/tr>\n<tr>\n<td align=\"left\">13:00<\/td>\n<td align=\"left\">Remise\u00a0des prix de <strong>21 km Half Marathon<\/strong><\/td>\n<\/tr>\n<tr>\n<td align=\"left\">13:30<\/td>\n<td align=\"left\">Remise\u00a0des prix de <strong>10 km Run<\/strong><\/td>\n<\/tr>\n<\/tbody>\n<\/table>\n<\/div>\n<p>\n<\/p><\/div>\n<\/div><div class=\"fusion-clearfix\"><\/div><\/div><\/div><\/div><\/div><div class=\"fusion-fullwidth fullwidth-box fusion-builder-row-4 nonhundred-percent-fullwidth non-hundred-percent-height-scrolling fusion-equal-height-columns\" style=\"--awb-border-radius-top-left:0px;--awb-border-radius-top-right:0px;--awb-border-radius-bottom-right:0px;--awb-border-radius-bottom-left:0px;--awb-margin-top:30px;--awb-flex-wrap:wrap;\" ><div class=\"fusion-builder-row fusion-row\"><div class=\"fusion-layout-column fusion_builder_column fusion-builder-column-5 fusion_builder_column_1_1 1_1 fusion-one-full fusion-column-first fusion-column-last\" style=\"--awb-bg-size:cover;\"><div class=\"fusion-column-wrapper fusion-column-has-shadow fusion-flex-column-wrapper-legacy\"><div class=\"fusion-sep-clear\"><\/div><div class=\"fusion-separator fusion-full-width-sep\" style=\"margin-left: auto;margin-right: auto;margin-top:20px;margin-bottom:20px;width:100%;\"><\/div><div class=\"fusion-sep-clear\"><\/div><div class=\"fusion-content-boxes content-boxes columns row fusion-columns-2 fusion-columns-total-2 fusion-content-boxes-1 content-boxes-icon-boxed content-left has-flex-alignment\" style=\"--awb-backgroundcolor:#f4f4f4;--awb-alignment:stretch;--awb-body-color:#000000;--awb-title-color:#ff0000;--awb-iconcolor:#ffffff;--awb-hover-accent-color:#ff0000;--awb-circle-hover-accent-color:#ff0000;\" data-animationOffset=\"top-into-view\"><div style=\"--awb-backgroundcolor:#f4f4f4;--awb-iconcolor:#ffffff;\" class=\"fusion-column content-box-column content-box-column content-box-column-1 col-lg-6 col-md-6 col-sm-6 fusion-content-box-hover content-box-column-first-in-row\"><div class=\"col content-box-wrapper content-wrapper-background content-wrapper-boxed link-area-box link-type-button-bar icon-hover-animation-pulsate\" data-link=\"https:\/\/www.ascona-locarno-run.ch\/wp-content\/uploads\/2024\/10\/ALR-Layout-Piazza-2024.pdf\" data-link-target=\"_blank\" data-animationOffset=\"top-into-view\"><div class=\"heading heading-with-icon icon-left\"><a class=\"heading-link\" href=\"https:\/\/www.ascona-locarno-run.ch\/wp-content\/uploads\/2024\/10\/ALR-Layout-Piazza-2024.pdf\" target=\"_blank\" rel=\"noopener noreferrer\"><div class=\"icon\"><i style=\"border-color:#333333;border-width:0px;background-color:#ff0000;box-sizing:content-box;height:48px;width:48px;line-height:48px;top:-74px;margin-left:-24px;border-radius:50%;font-size:24px;\" aria-hidden=\"true\" class=\"fontawesome-icon fa-map-marked-alt fas circle-yes\"><\/i><\/div><h3 class=\"content-box-heading fusion-responsive-typography-calculated\" style=\"--h3_typography-font-size:18px;--fontSize:18;line-height:1.23;\">RACE VILLAGE<\/h3><\/a><\/div><div class=\"fusion-clearfix\"><\/div><div class=\"content-container\">\n<p><img decoding=\"async\" class=\"lazyload aligncenter wp-image-27916 size-full\" src=\"https:\/\/www.ascona-locarno-run.ch\/wp-content\/uploads\/2024\/10\/mappa-2024.jpg\" data-orig-src=\"https:\/\/www.ascona-locarno-run.ch\/wp-content\/uploads\/2024\/10\/mappa-2024.jpg\" alt=\"\" width=\"600\" height=\"600\" srcset=\"data:image\/svg+xml,%3Csvg%20xmlns%3D%27http%3A%2F%2Fwww.w3.org%2F2000%2Fsvg%27%20width%3D%27600%27%20height%3D%27600%27%20viewBox%3D%270%200%20600%20600%27%3E%3Crect%20width%3D%27600%27%20height%3D%27600%27%20fill-opacity%3D%220%22%2F%3E%3C%2Fsvg%3E\" data-srcset=\"https:\/\/www.ascona-locarno-run.ch\/wp-content\/uploads\/2024\/10\/mappa-2024-66x66.jpg 66w, https:\/\/www.ascona-locarno-run.ch\/wp-content\/uploads\/2024\/10\/mappa-2024-150x150.jpg 150w, https:\/\/www.ascona-locarno-run.ch\/wp-content\/uploads\/2024\/10\/mappa-2024-200x200.jpg 200w, https:\/\/www.ascona-locarno-run.ch\/wp-content\/uploads\/2024\/10\/mappa-2024-300x300.jpg 300w, https:\/\/www.ascona-locarno-run.ch\/wp-content\/uploads\/2024\/10\/mappa-2024-400x400.jpg 400w, https:\/\/www.ascona-locarno-run.ch\/wp-content\/uploads\/2024\/10\/mappa-2024.jpg 600w\" data-sizes=\"auto\" data-orig-sizes=\"(max-width: 600px) 100vw, 600px\" \/><\/p>\n<p>Ville de Locarno<br \/>\nPiazza Grande, \u00c9chelle 1:1&rsquo;000<\/p>\n<\/div><div class=\"fusion-clearfix\"><\/div><a class=\" fusion-read-more fusion-button-bar\" href=\"https:\/\/www.ascona-locarno-run.ch\/wp-content\/uploads\/2024\/10\/ALR-Layout-Piazza-2024.pdf\" target=\"_blank\" rel=\"noopener noreferrer\">T\u00e9l\u00e9charger la carte<\/a><div class=\"fusion-clearfix\"><\/div><\/div><\/div><div style=\"--awb-backgroundcolor:#f4f4f4;--awb-iconcolor:#ffffff;\" class=\"fusion-column content-box-column content-box-column content-box-column-2 col-lg-6 col-md-6 col-sm-6 fusion-content-box-hover content-box-column-last content-box-column-last-in-row\"><div class=\"col content-box-wrapper content-wrapper-background content-wrapper-boxed link-area-box link-type-button-bar icon-hover-animation-pulsate\" data-link=\"https:\/\/www.ascona-locarno-run.ch\/wp-content\/uploads\/2023\/04\/piantina-spogliatoi-parcheggi.png\" data-link-target=\"_blank\" data-animationOffset=\"top-into-view\"><div class=\"heading heading-with-icon icon-left\"><a class=\"heading-link\" href=\"https:\/\/www.ascona-locarno-run.ch\/wp-content\/uploads\/2023\/04\/piantina-spogliatoi-parcheggi.png\" target=\"_blank\" rel=\"noopener noreferrer\"><div class=\"icon\"><i style=\"border-color:#333333;border-width:0px;background-color:#ff0000;box-sizing:content-box;height:48px;width:48px;line-height:48px;top:-74px;margin-left:-24px;border-radius:50%;font-size:24px;\" aria-hidden=\"true\" class=\"fontawesome-icon fa-map-signs fas circle-yes\"><\/i><\/div><h3 class=\"content-box-heading fusion-responsive-typography-calculated\" style=\"--h3_typography-font-size:18px;--fontSize:18;line-height:1.23;\">VESTIAIRES ET PARKINGS<\/h3><\/a><\/div><div class=\"fusion-clearfix\"><\/div><div class=\"content-container\"><img decoding=\"async\" class=\"lazyload alignnone size-full wp-image-19072\" src=\"data:image\/svg+xml,%3Csvg%20xmlns%3D%27http%3A%2F%2Fwww.w3.org%2F2000%2Fsvg%27%20width%3D%271040%27%20height%3D%27719%27%20viewBox%3D%270%200%201040%20719%27%3E%3Crect%20width%3D%271040%27%20height%3D%27719%27%20fill-opacity%3D%220%22%2F%3E%3C%2Fsvg%3E\" data-orig-src=\"https:\/\/www.ascona-locarno-run.ch\/wp-content\/uploads\/2023\/04\/piantina-spogliatoi-parcheggi.png\" alt=\"\" width=\"1040\" height=\"719\" \/><\/p>\n<p>Depuis les vestiaires et les parkings indiqu\u00e9s sur la carte, vous pouvez rejoindre le d\u00e9part (4) en 10min \u00e0 pied.<\/div><div class=\"fusion-clearfix\"><\/div><a class=\" fusion-read-more fusion-button-bar\" href=\"https:\/\/www.ascona-locarno-run.ch\/wp-content\/uploads\/2023\/04\/piantina-spogliatoi-parcheggi.png\" target=\"_blank\" rel=\"noopener noreferrer\">T\u00e9l\u00e9charger la carte<\/a><div class=\"fusion-clearfix\"><\/div><\/div><\/div><div class=\"fusion-clearfix\"><\/div><\/div><div class=\"fusion-clearfix\"><\/div><\/div><\/div><\/div><\/div><\/p>\n","protected":false},"excerpt":{"rendered":"","protected":false},"author":8,"featured_media":0,"parent":0,"menu_order":0,"comment_status":"closed","ping_status":"closed","template":"","meta":{"footnotes":""},"class_list":["post-19998","page","type-page","status-publish","hentry"],"yoast_head":"<!-- This site is optimized with the Yoast SEO plugin v27.5 - https:\/\/yoast.com\/product\/yoast-seo-wordpress\/ -->\n<title>L&#039;\u00e9v\u00e8nement - Ascona Locarno Run<\/title>\n<meta name=\"robots\" content=\"index, follow, max-snippet:-1, max-image-preview:large, max-video-preview:-1\" \/>\n<link rel=\"canonical\" href=\"https:\/\/www.ascona-locarno-run.ch\/fr\/levenement\/\" \/>\n<meta property=\"og:locale\" content=\"fr_FR\" \/>\n<meta property=\"og:type\" content=\"article\" \/>\n<meta property=\"og:title\" content=\"L&#039;\u00e9v\u00e8nement - Ascona Locarno Run\" \/>\n<meta property=\"og:url\" content=\"https:\/\/www.ascona-locarno-run.ch\/fr\/levenement\/\" \/>\n<meta property=\"og:site_name\" content=\"Ascona Locarno Run\" \/>\n<meta property=\"article:publisher\" content=\"https:\/\/www.facebook.com\/AsconaLocarnoRun\/\" \/>\n<meta property=\"article:modified_time\" content=\"2026-01-26T13:11:46+00:00\" \/>\n<meta property=\"og:image\" content=\"https:\/\/www.ascona-locarno-run.ch\/wp-content\/uploads\/2024\/10\/mappa-2024.jpg\" \/>\n\t<meta property=\"og:image:width\" content=\"600\" \/>\n\t<meta property=\"og:image:height\" content=\"600\" \/>\n\t<meta property=\"og:image:type\" content=\"image\/jpeg\" \/>\n<meta name=\"twitter:card\" content=\"summary_large_image\" \/>\n<meta name=\"twitter:label1\" content=\"Dur\u00e9e de lecture estim\u00e9e\" \/>\n\t<meta name=\"twitter:data1\" content=\"2 minutes\" \/>\n<script type=\"application\/ld+json\" class=\"yoast-schema-graph\">{\"@context\":\"https:\\\/\\\/schema.org\",\"@graph\":[{\"@type\":\"WebPage\",\"@id\":\"https:\\\/\\\/www.ascona-locarno-run.ch\\\/fr\\\/levenement\\\/\",\"url\":\"https:\\\/\\\/www.ascona-locarno-run.ch\\\/fr\\\/levenement\\\/\",\"name\":\"L'\u00e9v\u00e8nement - Ascona Locarno Run\",\"isPartOf\":{\"@id\":\"https:\\\/\\\/www.ascona-locarno-run.ch\\\/#website\"},\"primaryImageOfPage\":{\"@id\":\"https:\\\/\\\/www.ascona-locarno-run.ch\\\/fr\\\/levenement\\\/#primaryimage\"},\"image\":{\"@id\":\"https:\\\/\\\/www.ascona-locarno-run.ch\\\/fr\\\/levenement\\\/#primaryimage\"},\"thumbnailUrl\":\"https:\\\/\\\/www.ascona-locarno-run.ch\\\/wp-content\\\/uploads\\\/2024\\\/10\\\/mappa-2024.jpg\",\"datePublished\":\"2021-01-07T09:16:53+00:00\",\"dateModified\":\"2026-01-26T13:11:46+00:00\",\"breadcrumb\":{\"@id\":\"https:\\\/\\\/www.ascona-locarno-run.ch\\\/fr\\\/levenement\\\/#breadcrumb\"},\"inLanguage\":\"fr-FR\",\"potentialAction\":[{\"@type\":\"ReadAction\",\"target\":[\"https:\\\/\\\/www.ascona-locarno-run.ch\\\/fr\\\/levenement\\\/\"]}]},{\"@type\":\"ImageObject\",\"inLanguage\":\"fr-FR\",\"@id\":\"https:\\\/\\\/www.ascona-locarno-run.ch\\\/fr\\\/levenement\\\/#primaryimage\",\"url\":\"https:\\\/\\\/www.ascona-locarno-run.ch\\\/wp-content\\\/uploads\\\/2024\\\/10\\\/mappa-2024.jpg\",\"contentUrl\":\"https:\\\/\\\/www.ascona-locarno-run.ch\\\/wp-content\\\/uploads\\\/2024\\\/10\\\/mappa-2024.jpg\"},{\"@type\":\"BreadcrumbList\",\"@id\":\"https:\\\/\\\/www.ascona-locarno-run.ch\\\/fr\\\/levenement\\\/#breadcrumb\",\"itemListElement\":[{\"@type\":\"ListItem\",\"position\":1,\"name\":\"Home\",\"item\":\"https:\\\/\\\/www.ascona-locarno-run.ch\\\/fr\\\/\"},{\"@type\":\"ListItem\",\"position\":2,\"name\":\"L&rsquo;\u00e9v\u00e8nement\"}]},{\"@type\":\"WebSite\",\"@id\":\"https:\\\/\\\/www.ascona-locarno-run.ch\\\/#website\",\"url\":\"https:\\\/\\\/www.ascona-locarno-run.ch\\\/\",\"name\":\"Ascona-Locarno Run\",\"description\":\"L\u2019endroit parfait pour votre course !\u00a0\",\"publisher\":{\"@id\":\"https:\\\/\\\/www.ascona-locarno-run.ch\\\/#organization\"},\"potentialAction\":[{\"@type\":\"SearchAction\",\"target\":{\"@type\":\"EntryPoint\",\"urlTemplate\":\"https:\\\/\\\/www.ascona-locarno-run.ch\\\/?s={search_term_string}\"},\"query-input\":{\"@type\":\"PropertyValueSpecification\",\"valueRequired\":true,\"valueName\":\"search_term_string\"}}],\"inLanguage\":\"fr-FR\"},{\"@type\":\"Organization\",\"@id\":\"https:\\\/\\\/www.ascona-locarno-run.ch\\\/#organization\",\"name\":\"Ascona-Locarno Run\",\"url\":\"https:\\\/\\\/www.ascona-locarno-run.ch\\\/\",\"logo\":{\"@type\":\"ImageObject\",\"inLanguage\":\"fr-FR\",\"@id\":\"https:\\\/\\\/www.ascona-locarno-run.ch\\\/#\\\/schema\\\/logo\\\/image\\\/\",\"url\":\"https:\\\/\\\/www.ascona-locarno-run.ch\\\/wp-content\\\/uploads\\\/2024\\\/02\\\/logo-alr-colored.png\",\"contentUrl\":\"https:\\\/\\\/www.ascona-locarno-run.ch\\\/wp-content\\\/uploads\\\/2024\\\/02\\\/logo-alr-colored.png\",\"width\":800,\"height\":368,\"caption\":\"Ascona-Locarno Run\"},\"image\":{\"@id\":\"https:\\\/\\\/www.ascona-locarno-run.ch\\\/#\\\/schema\\\/logo\\\/image\\\/\"},\"sameAs\":[\"https:\\\/\\\/www.facebook.com\\\/AsconaLocarnoRun\\\/\",\"https:\\\/\\\/www.instagram.com\\\/ascona_locarno_run\\\/\"]}]}<\/script>\n<!-- \/ Yoast SEO plugin. -->","yoast_head_json":{"title":"L'\u00e9v\u00e8nement - Ascona Locarno Run","robots":{"index":"index","follow":"follow","max-snippet":"max-snippet:-1","max-image-preview":"max-image-preview:large","max-video-preview":"max-video-preview:-1"},"canonical":"https:\/\/www.ascona-locarno-run.ch\/fr\/levenement\/","og_locale":"fr_FR","og_type":"article","og_title":"L'\u00e9v\u00e8nement - Ascona Locarno Run","og_url":"https:\/\/www.ascona-locarno-run.ch\/fr\/levenement\/","og_site_name":"Ascona Locarno Run","article_publisher":"https:\/\/www.facebook.com\/AsconaLocarnoRun\/","article_modified_time":"2026-01-26T13:11:46+00:00","og_image":[{"width":600,"height":600,"url":"https:\/\/www.ascona-locarno-run.ch\/wp-content\/uploads\/2024\/10\/mappa-2024.jpg","type":"image\/jpeg"}],"twitter_card":"summary_large_image","twitter_misc":{"Dur\u00e9e de lecture estim\u00e9e":"2 minutes"},"schema":{"@context":"https:\/\/schema.org","@graph":[{"@type":"WebPage","@id":"https:\/\/www.ascona-locarno-run.ch\/fr\/levenement\/","url":"https:\/\/www.ascona-locarno-run.ch\/fr\/levenement\/","name":"L'\u00e9v\u00e8nement - Ascona Locarno Run","isPartOf":{"@id":"https:\/\/www.ascona-locarno-run.ch\/#website"},"primaryImageOfPage":{"@id":"https:\/\/www.ascona-locarno-run.ch\/fr\/levenement\/#primaryimage"},"image":{"@id":"https:\/\/www.ascona-locarno-run.ch\/fr\/levenement\/#primaryimage"},"thumbnailUrl":"https:\/\/www.ascona-locarno-run.ch\/wp-content\/uploads\/2024\/10\/mappa-2024.jpg","datePublished":"2021-01-07T09:16:53+00:00","dateModified":"2026-01-26T13:11:46+00:00","breadcrumb":{"@id":"https:\/\/www.ascona-locarno-run.ch\/fr\/levenement\/#breadcrumb"},"inLanguage":"fr-FR","potentialAction":[{"@type":"ReadAction","target":["https:\/\/www.ascona-locarno-run.ch\/fr\/levenement\/"]}]},{"@type":"ImageObject","inLanguage":"fr-FR","@id":"https:\/\/www.ascona-locarno-run.ch\/fr\/levenement\/#primaryimage","url":"https:\/\/www.ascona-locarno-run.ch\/wp-content\/uploads\/2024\/10\/mappa-2024.jpg","contentUrl":"https:\/\/www.ascona-locarno-run.ch\/wp-content\/uploads\/2024\/10\/mappa-2024.jpg"},{"@type":"BreadcrumbList","@id":"https:\/\/www.ascona-locarno-run.ch\/fr\/levenement\/#breadcrumb","itemListElement":[{"@type":"ListItem","position":1,"name":"Home","item":"https:\/\/www.ascona-locarno-run.ch\/fr\/"},{"@type":"ListItem","position":2,"name":"L&rsquo;\u00e9v\u00e8nement"}]},{"@type":"WebSite","@id":"https:\/\/www.ascona-locarno-run.ch\/#website","url":"https:\/\/www.ascona-locarno-run.ch\/","name":"Ascona-Locarno Run","description":"L\u2019endroit parfait pour votre course !\u00a0","publisher":{"@id":"https:\/\/www.ascona-locarno-run.ch\/#organization"},"potentialAction":[{"@type":"SearchAction","target":{"@type":"EntryPoint","urlTemplate":"https:\/\/www.ascona-locarno-run.ch\/?s={search_term_string}"},"query-input":{"@type":"PropertyValueSpecification","valueRequired":true,"valueName":"search_term_string"}}],"inLanguage":"fr-FR"},{"@type":"Organization","@id":"https:\/\/www.ascona-locarno-run.ch\/#organization","name":"Ascona-Locarno Run","url":"https:\/\/www.ascona-locarno-run.ch\/","logo":{"@type":"ImageObject","inLanguage":"fr-FR","@id":"https:\/\/www.ascona-locarno-run.ch\/#\/schema\/logo\/image\/","url":"https:\/\/www.ascona-locarno-run.ch\/wp-content\/uploads\/2024\/02\/logo-alr-colored.png","contentUrl":"https:\/\/www.ascona-locarno-run.ch\/wp-content\/uploads\/2024\/02\/logo-alr-colored.png","width":800,"height":368,"caption":"Ascona-Locarno Run"},"image":{"@id":"https:\/\/www.ascona-locarno-run.ch\/#\/schema\/logo\/image\/"},"sameAs":["https:\/\/www.facebook.com\/AsconaLocarnoRun\/","https:\/\/www.instagram.com\/ascona_locarno_run\/"]}]}},"_links":{"self":[{"href":"https:\/\/www.ascona-locarno-run.ch\/fr\/wp-json\/wp\/v2\/pages\/19998","targetHints":{"allow":["GET"]}}],"collection":[{"href":"https:\/\/www.ascona-locarno-run.ch\/fr\/wp-json\/wp\/v2\/pages"}],"about":[{"href":"https:\/\/www.ascona-locarno-run.ch\/fr\/wp-json\/wp\/v2\/types\/page"}],"author":[{"embeddable":true,"href":"https:\/\/www.ascona-locarno-run.ch\/fr\/wp-json\/wp\/v2\/users\/8"}],"replies":[{"embeddable":true,"href":"https:\/\/www.ascona-locarno-run.ch\/fr\/wp-json\/wp\/v2\/comments?post=19998"}],"version-history":[{"count":37,"href":"https:\/\/www.ascona-locarno-run.ch\/fr\/wp-json\/wp\/v2\/pages\/19998\/revisions"}],"predecessor-version":[{"id":29496,"href":"https:\/\/www.ascona-locarno-run.ch\/fr\/wp-json\/wp\/v2\/pages\/19998\/revisions\/29496"}],"wp:attachment":[{"href":"https:\/\/www.ascona-locarno-run.ch\/fr\/wp-json\/wp\/v2\/media?parent=19998"}],"curies":[{"name":"wp","href":"https:\/\/api.w.org\/{rel}","templated":true}]}}