{"id":19897,"date":"2020-03-04T10:17:24","date_gmt":"2020-03-04T09:17:24","guid":{"rendered":"https:\/\/www.ascona-locarno-run.ch\/info__trashed\/trasporto-gratuito\/"},"modified":"2025-04-08T09:47:18","modified_gmt":"2025-04-08T07:47:18","slug":"la-gratuite-des-transports","status":"publish","type":"page","link":"https:\/\/www.ascona-locarno-run.ch\/fr\/la-gratuite-des-transports\/","title":{"rendered":"La gratuit\u00e9 des transports"},"content":{"rendered":"<p><div class=\"fusion-fullwidth fullwidth-box fusion-builder-row-1 nonhundred-percent-fullwidth non-hundred-percent-height-scrolling\" style=\"--awb-border-radius-top-left:0px;--awb-border-radius-top-right:0px;--awb-border-radius-bottom-right:0px;--awb-border-radius-bottom-left:0px;--awb-flex-wrap:wrap;\" ><div class=\"fusion-builder-row fusion-row\"><div class=\"fusion-layout-column fusion_builder_column fusion-builder-column-0 fusion_builder_column_1_1 1_1 fusion-one-full fusion-column-first fusion-column-last\" style=\"--awb-bg-size:cover;\"><div class=\"fusion-column-wrapper fusion-column-has-shadow fusion-flex-column-wrapper-legacy\"><div class=\"fusion-text fusion-text-1\" style=\"--awb-text-transform:none;\"><p>Gr\u00e2ce au Swiss Runners Ticket, tous les participants aux comp\u00e9titions peuvent se rendre gratuitement \u00e0 Ascona\/Locarno depuis toute la Suisse avec les transports publics.<\/p>\n<p>Le voyage gratuit peut \u00eatre effectu\u00e9 jusqu&rsquo;\u00e0 10 jours avant et le voyage retour jusqu&rsquo;\u00e0 10 jours apr\u00e8s la Ascona-Locarno Run (valable 1 jour chacun).<\/p>\n<p>Le voyage aller doit avoir lieu entre le 3 et le 12 octobre et le voyage retour doit avoir lieu entre le 11 et le 20 octobre.<\/p>\n<\/div><div class=\"fusion-title title fusion-title-1 fusion-sep-none fusion-title-text fusion-title-size-four\" style=\"--awb-margin-bottom:0px;\"><h4 class=\"fusion-title-heading title-heading-left fusion-responsive-typography-calculated\" style=\"margin:0;text-transform:uppercase;--fontSize:20;--minFontSize:20;line-height:1.45;\"><span style=\"color: #ff0000;\">Nouvelle proc\u00e9dure pour les Swiss Runners Ticket<\/span><\/h4><\/div><div class=\"fusion-video fusion-youtube fusion-aligncenter\" style=\"--awb-max-width:800px;--awb-max-height:450px;--awb-width:100%;\"><div class=\"video-shortcode\"><div class=\"fluid-width-video-wrapper\" style=\"padding-top:56.25%;\" ><iframe title=\"YouTube video player 1\" src=\"https:\/\/www.youtube.com\/embed\/OCKoAtWA0f4?wmode=transparent&autoplay=0\" width=\"800\" height=\"450\" allowfullscreen allow=\"autoplay; clipboard-write; encrypted-media; gyroscope; picture-in-picture;\"><\/iframe><\/div><\/div><\/div><div class=\"fusion-align-block\"><a class=\"fusion-button button-flat button-xlarge button-default fusion-button-default button-1 fusion-button-span-yes fusion-button-default-type\" style=\"--button-border-radius-top-left:0PX;--button-border-radius-top-right:0PX;--button-border-radius-bottom-right:0PX;--button-border-radius-bottom-left:0PX;--button_text_transform:uppercase;--button_margin-bottom:20PX;\" target=\"_blank\" rel=\"noopener noreferrer\" title=\"T\u00c9L\u00c9CHARGEZ LES Instructions\" aria-label=\"T\u00c9L\u00c9CHARGEZ LES Instructions\" href=\"https:\/\/www.ascona-locarno-run.ch\/wp-content\/uploads\/2024\/09\/Procedure-Bon-reduction-SR_FR.pdf\"><span class=\"fusion-button-text awb-button__text awb-button__text--default\">T\u00c9L\u00c9CHARGEZ LES Instructions<\/span><\/a><\/div><div class=\"fusion-text fusion-text-2\" style=\"--awb-text-transform:none;\"><p>Vous trouverez de plus amples informations sur le site <a href=\"https:\/\/www.sbb.ch\/fr\/loisirs-vacances\/idees\/offre.html\/veranstaltungen\/ascona-locarno-run?at_medium=affiliate&#038;at_campaign=RAW_2024_510&#038;at_creation=FR&#038;at_format=partner_webseite&#038;at_channel=as_partner\" target=\"_blank\" rel=\"noopener\">www.sbb.ch<\/a>.<\/p>\n<p><strong>Ascona-Locarno Run : \u00ab l\u2019endroit parfait pour votre course ! \u00bb<\/strong><\/p>\n<p>Ne vous souciez pas de vous d\u00e9placer au Tessin pendant vos vacances dans cette belle r\u00e9gion du lac Majeur et des vall\u00e9es. <strong>Avec <a href=\"https:\/\/www.ticino.ch\/fr\/ticket.html\" target=\"_blank\" rel=\"noopener\">Ticino Ticket<\/a>, vous \u00eates libre de vous d\u00e9placer dans tous les coins du canton le plus au sud de la Suisse !<\/strong><\/p>\n<p>En s\u00e9journant dans un h\u00f4tel, une auberge de jeunesse ou un camping au Tessin, vous avez la possibilit\u00e9 d\u2019utiliser gratuitement les transports publics et de b\u00e9n\u00e9ficier de r\u00e9ductions int\u00e9ressantes sur les remont\u00e9es m\u00e9caniques, sur les bateaux des bassins du Tessin et sur les principales attractions touristiques.<\/p>\n<\/div><div class=\"fusion-sep-clear\"><\/div><div class=\"fusion-separator\" style=\"margin-left: auto;margin-right: auto;margin-top:20px;margin-bottom:10px;width:100%;max-width:30%;\"><\/div><div class=\"fusion-sep-clear\"><\/div><div class=\"fusion-clearfix\"><\/div><\/div><\/div><div class=\"fusion-layout-column fusion_builder_column fusion-builder-column-1 fusion_builder_column_1_2 1_2 fusion-one-half fusion-column-first\" style=\"--awb-bg-size:cover;width:50%;width:calc(50% - ( ( 4% ) * 0.5 ) );margin-right: 4%;\"><div class=\"fusion-column-wrapper fusion-column-has-shadow fusion-flex-column-wrapper-legacy\"><div class=\"fusion-image-element fusion-image-align-center in-legacy-container\" style=\"text-align:center;--awb-caption-title-font-family:var(--h2_typography-font-family);--awb-caption-title-font-weight:var(--h2_typography-font-weight);--awb-caption-title-font-style:var(--h2_typography-font-style);--awb-caption-title-size:var(--h2_typography-font-size);--awb-caption-title-transform:var(--h2_typography-text-transform);--awb-caption-title-line-height:var(--h2_typography-line-height);--awb-caption-title-letter-spacing:var(--h2_typography-letter-spacing);\"><div class=\"imageframe-align-center\"><span class=\" fusion-imageframe imageframe-none imageframe-1 hover-type-none\"><a class=\"fusion-no-lightbox\" href=\"https:\/\/www.sbb.ch\/fr\/\" target=\"_blank\" aria-label=\"sbbfss-partner\" rel=\"noopener noreferrer\"><img decoding=\"async\" width=\"300\" height=\"105\" alt=\"https:\/\/www.sbb.ch\/fr\/\" src=\"https:\/\/www.ascona-locarno-run.ch\/wp-content\/uploads\/2020\/02\/sbbfss-partner.jpg\" data-orig-src=\"https:\/\/www.ascona-locarno-run.ch\/wp-content\/uploads\/2020\/02\/sbbfss-partner.jpg\" class=\"lazyload img-responsive wp-image-19887\" srcset=\"data:image\/svg+xml,%3Csvg%20xmlns%3D%27http%3A%2F%2Fwww.w3.org%2F2000%2Fsvg%27%20width%3D%27300%27%20height%3D%27105%27%20viewBox%3D%270%200%20300%20105%27%3E%3Crect%20width%3D%27300%27%20height%3D%27105%27%20fill-opacity%3D%220%22%2F%3E%3C%2Fsvg%3E\" data-srcset=\"https:\/\/www.ascona-locarno-run.ch\/wp-content\/uploads\/2020\/02\/sbbfss-partner-200x70.jpg 200w, https:\/\/www.ascona-locarno-run.ch\/wp-content\/uploads\/2020\/02\/sbbfss-partner.jpg 300w\" data-sizes=\"auto\" data-orig-sizes=\"(max-width: 800px) 100vw, 300px\" \/><\/a><\/span><\/div><\/div><div class=\"fusion-clearfix\"><\/div><\/div><\/div><div class=\"fusion-layout-column fusion_builder_column fusion-builder-column-2 fusion_builder_column_1_2 1_2 fusion-one-half fusion-column-last\" style=\"--awb-bg-size:cover;width:50%;width:calc(50% - ( ( 4% ) * 0.5 ) );\"><div class=\"fusion-column-wrapper fusion-column-has-shadow fusion-flex-column-wrapper-legacy\"><div class=\"fusion-image-element fusion-image-align-center in-legacy-container\" style=\"text-align:center;--awb-caption-title-font-family:var(--h2_typography-font-family);--awb-caption-title-font-weight:var(--h2_typography-font-weight);--awb-caption-title-font-style:var(--h2_typography-font-style);--awb-caption-title-size:var(--h2_typography-font-size);--awb-caption-title-transform:var(--h2_typography-text-transform);--awb-caption-title-line-height:var(--h2_typography-line-height);--awb-caption-title-letter-spacing:var(--h2_typography-letter-spacing);\"><div class=\"imageframe-align-center\"><span class=\" fusion-imageframe imageframe-none imageframe-2 hover-type-none\"><a class=\"fusion-no-lightbox\" href=\"https:\/\/www.swiss-running.ch\/fr\/\" target=\"_blank\" aria-label=\"swissrunning\" rel=\"noopener noreferrer\"><img decoding=\"async\" width=\"300\" height=\"105\" alt=\"https:\/\/www.swiss-running.ch\/fr\/\" src=\"https:\/\/www.ascona-locarno-run.ch\/wp-content\/uploads\/2020\/02\/swissrunning.jpg\" data-orig-src=\"https:\/\/www.ascona-locarno-run.ch\/wp-content\/uploads\/2020\/02\/swissrunning.jpg\" class=\"lazyload img-responsive wp-image-19888\" srcset=\"data:image\/svg+xml,%3Csvg%20xmlns%3D%27http%3A%2F%2Fwww.w3.org%2F2000%2Fsvg%27%20width%3D%27300%27%20height%3D%27105%27%20viewBox%3D%270%200%20300%20105%27%3E%3Crect%20width%3D%27300%27%20height%3D%27105%27%20fill-opacity%3D%220%22%2F%3E%3C%2Fsvg%3E\" data-srcset=\"https:\/\/www.ascona-locarno-run.ch\/wp-content\/uploads\/2020\/02\/swissrunning-200x70.jpg 200w, https:\/\/www.ascona-locarno-run.ch\/wp-content\/uploads\/2020\/02\/swissrunning.jpg 300w\" data-sizes=\"auto\" data-orig-sizes=\"(max-width: 800px) 100vw, 300px\" \/><\/a><\/span><\/div><\/div><div class=\"fusion-clearfix\"><\/div><\/div><\/div><div class=\"fusion-layout-column fusion_builder_column fusion-builder-column-3 fusion_builder_column_1_1 1_1 fusion-one-full fusion-column-first fusion-column-last\" style=\"--awb-padding-bottom:0px;--awb-bg-size:cover;--awb-margin-bottom:0px;\"><div class=\"fusion-column-wrapper fusion-column-has-shadow fusion-flex-column-wrapper-legacy\"><div class=\"fusion-sep-clear\"><\/div><div class=\"fusion-separator\" style=\"margin-left: auto;margin-right: auto;margin-top:20px;margin-bottom:10px;width:100%;max-width:30%;\"><\/div><div class=\"fusion-sep-clear\"><\/div><div class=\"fusion-builder-row fusion-builder-row-inner fusion-row\"><div class=\"fusion-layout-column fusion_builder_column_inner fusion-builder-nested-column-0 fusion_builder_column_inner_3_4 3_4 fusion-three-fourth fusion-column-first\" style=\"--awb-padding-bottom:0px;--awb-bg-size:cover;--awb-margin-bottom:0px;width:75%;width:calc(75% - ( ( 4% ) * 0.75 ) );margin-right: 4%;\"><div class=\"fusion-column-wrapper fusion-column-has-shadow fusion-flex-column-wrapper-legacy\"><div class=\"fusion-title title fusion-title-2 fusion-sep-none fusion-title-text fusion-title-size-three\"><h3 class=\"fusion-title-heading title-heading-left fusion-responsive-typography-calculated\" style=\"margin:0;--fontSize:26;--minFontSize:26;line-height:1.23;\">Voyage aller-retour gratuit \u00e0 Ascona\/Locarno depuis toute la Suisse (Swiss Runners Ticket)<\/h3><\/div><div class=\"fusion-clearfix\"><\/div><\/div><\/div><div class=\"fusion-layout-column fusion_builder_column_inner fusion-builder-nested-column-1 fusion_builder_column_inner_1_5 1_5 fusion-one-fifth fusion-column-last\" style=\"--awb-padding-bottom:0px;--awb-bg-size:cover;--awb-margin-bottom:0px;width:20%;width:calc(20% - ( ( 4% ) * 0.2 ) );\"><div class=\"fusion-column-wrapper fusion-column-has-shadow fusion-flex-column-wrapper-legacy\"><div class=\"fusion-image-element fusion-image-align-center in-legacy-container\" style=\"text-align:center;--awb-margin-bottom:20px;--awb-max-width:180px;--awb-caption-title-font-family:var(--h2_typography-font-family);--awb-caption-title-font-weight:var(--h2_typography-font-weight);--awb-caption-title-font-style:var(--h2_typography-font-style);--awb-caption-title-size:var(--h2_typography-font-size);--awb-caption-title-transform:var(--h2_typography-text-transform);--awb-caption-title-line-height:var(--h2_typography-line-height);--awb-caption-title-letter-spacing:var(--h2_typography-letter-spacing);\"><div class=\"imageframe-align-center\"><span class=\" fusion-imageframe imageframe-none imageframe-3 hover-type-none\"><img decoding=\"async\" width=\"250\" height=\"144\" title=\"swiss-r-t\" src=\"https:\/\/www.ascona-locarno-run.ch\/wp-content\/uploads\/2021\/05\/swiss-r-t.png\" data-orig-src=\"https:\/\/www.ascona-locarno-run.ch\/wp-content\/uploads\/2021\/05\/swiss-r-t.png\" alt class=\"lazyload img-responsive wp-image-21002\" srcset=\"data:image\/svg+xml,%3Csvg%20xmlns%3D%27http%3A%2F%2Fwww.w3.org%2F2000%2Fsvg%27%20width%3D%27250%27%20height%3D%27144%27%20viewBox%3D%270%200%20250%20144%27%3E%3Crect%20width%3D%27250%27%20height%3D%27144%27%20fill-opacity%3D%220%22%2F%3E%3C%2Fsvg%3E\" data-srcset=\"https:\/\/www.ascona-locarno-run.ch\/wp-content\/uploads\/2021\/05\/swiss-r-t-200x115.png 200w, https:\/\/www.ascona-locarno-run.ch\/wp-content\/uploads\/2021\/05\/swiss-r-t.png 250w\" data-sizes=\"auto\" data-orig-sizes=\"(max-width: 800px) 100vw, 250px\" \/><\/span><\/div><\/div><div class=\"fusion-clearfix\"><\/div><\/div><\/div><\/div><div class=\"fusion-clearfix\"><\/div><\/div><\/div><div class=\"fusion-layout-column fusion_builder_column fusion-builder-column-4 fusion_builder_column_1_1 1_1 fusion-one-full fusion-column-first fusion-column-last\" style=\"--awb-bg-size:cover;\"><div class=\"fusion-column-wrapper fusion-column-has-shadow fusion-flex-column-wrapper-legacy\"><div class=\"fusion-text fusion-text-3\" style=\"--awb-text-transform:none;\"><p>Tous les participants aux comp\u00e9titions b\u00e9n\u00e9ficient d\u2019un voyage gratuit en transport public (en 2\u00e8me classe) uniquement sur le sol suisse depuis leur lieu de r\u00e9sidence\/d\u00e9part, depuis un a\u00e9roport suisse ou depuis la fronti\u00e8re suisse au lieu de l\u2019\u00e9v\u00e8nement et retour (via les itin\u00e9raires de la zone GA le long du parcours habituel).<\/p>\n<p>Apr\u00e8s s\u2019\u00eatre inscrits \u00e0 la course, les coureurs recevront deux codes promotionnels personnels par courrier \u00e9lectronique ou postal.<\/p>\n<p>En entrant sur le site <a href=\"https:\/\/www.sbb.ch\/fr\/loisirs-vacances\/idees\/offre.html\/veranstaltungen\/ascona-locarno-run?at_medium=affiliate&amp;at_campaign=RAW_2024_127&amp;at_type=website_Partner_FR\">sbb.ch<\/a> en utilisant les codes promotionnels, vous pouvez imprimer un billet de transport public gratuit pour l\u2019aller et un pour le retour (valable un jour civil dans chaque cas) en 2e classe.<\/p>\n<p>Vous pouvez partir entre le 3 et le 12 octobre et revenir entre le 11 et le 20 octobre.<\/p>\n<p>Important : le billet Swiss Runners est valable pour une personne \u00e0 l\u2019aller comme au retour et uniquement en combinaison avec le num\u00e9ro de d\u00e9part (num\u00e9ro de dossard).<\/p>\n<p>Attention : lors du contr\u00f4le du moyen de transport, vous devez pr\u00e9senter le billet et le num\u00e9ro de dossard (ou confirmation de la participation aux comp\u00e9titions).<\/p>\n<\/div><div class=\"fusion-sep-clear\"><\/div><div class=\"fusion-separator\" style=\"margin-left: auto;margin-right: auto;margin-top:20px;margin-bottom:10px;width:100%;max-width:30%;\"><\/div><div class=\"fusion-sep-clear\"><\/div><div class=\"fusion-align-block\"><a class=\"fusion-button button-flat button-large button-default fusion-button-default button-2 fusion-button-span-yes fusion-button-default-type\" style=\"--button_text_transform:uppercase;\" target=\"_blank\" rel=\"noopener noreferrer\" title=\"t\u00e9l\u00e9charger la carte\" aria-label=\"t\u00e9l\u00e9charger la carte\" href=\"https:\/\/www.ascona-locarno-run.ch\/wp-content\/uploads\/2020\/02\/geltungsbereich-ga-halbtax-seven25.pdf\"><i class=\"fa-map fas awb-button__icon awb-button__icon--default button-icon-left\" aria-hidden=\"true\"><\/i><span class=\"fusion-button-text awb-button__text awb-button__text--default\">t\u00e9l\u00e9charger la carte<\/span><\/a><\/div><div class=\"fusion-sep-clear\"><\/div><div class=\"fusion-separator\" style=\"margin-left: auto;margin-right: auto;margin-top:30px;margin-bottom:30px;width:100%;max-width:30%;\"><\/div><div class=\"fusion-sep-clear\"><\/div><div class=\"fusion-title title fusion-title-3 fusion-sep-none fusion-title-center fusion-title-text fusion-title-size-three\"><h3 class=\"fusion-title-heading title-heading-center fusion-responsive-typography-calculated\" style=\"margin:0;--fontSize:26;--minFontSize:26;line-height:1.23;\">Comment nous joindre<\/h3><\/div><div class=\"fusion-clearfix\"><\/div><\/div><\/div><\/div><\/div><div class=\"fusion-fullwidth fullwidth-box fusion-builder-row-2 fusion-flex-container has-pattern-background has-mask-background nonhundred-percent-fullwidth non-hundred-percent-height-scrolling\" style=\"--awb-border-radius-top-left:0px;--awb-border-radius-top-right:0px;--awb-border-radius-bottom-right:0px;--awb-border-radius-bottom-left:0px;--awb-flex-wrap:wrap;\" ><div class=\"fusion-builder-row fusion-row fusion-flex-align-items-flex-start fusion-flex-content-wrap\" style=\"max-width:1144px;margin-left: calc(-4% \/ 2 );margin-right: calc(-4% \/ 2 );\"><div class=\"fusion-layout-column fusion_builder_column fusion-builder-column-5 fusion_builder_column_1_1 1_1 fusion-flex-column\" style=\"--awb-bg-size:cover;--awb-width-large:100%;--awb-margin-top-large:0px;--awb-spacing-right-large:1.92%;--awb-margin-bottom-large:20px;--awb-spacing-left-large:1.92%;--awb-width-medium:100%;--awb-order-medium:0;--awb-spacing-right-medium:1.92%;--awb-spacing-left-medium:1.92%;--awb-width-small:100%;--awb-order-small:0;--awb-spacing-right-small:1.92%;--awb-spacing-left-small:1.92%;\"><div class=\"fusion-column-wrapper fusion-column-has-shadow fusion-flex-justify-content-flex-start fusion-content-layout-column\"><div class=\"accordian fusion-accordian\" style=\"--awb-border-size:0px;--awb-icon-size:30px;--awb-content-font-size:var(--awb-typography4-font-size);--awb-content-letter-spacing:var(--awb-typography4-letter-spacing);--awb-content-text-transform:var(--awb-typography4-text-transform);--awb-content-line-height:var(--awb-typography4-line-height);--awb-icon-alignment:left;--awb-hover-color:var(--awb-custom10);--awb-border-color:rgba(204,204,204,0);--awb-background-color:var(--awb-custom10);--awb-divider-color:#e0dede;--awb-divider-hover-color:#e0dede;--awb-icon-color:var(--awb-color6);--awb-title-color:#ff0000;--awb-content-color:#222222;--awb-icon-box-color:#333333;--awb-toggle-hover-accent-color:var(--awb-color7);--awb-title-font-family:&quot;Poppins&quot;;--awb-title-font-weight:600;--awb-title-font-style:italic;--awb-title-font-size:var(--awb-typography2-font-size);--awb-title-letter-spacing:var(--awb-typography2-letter-spacing);--awb-title-line-height:var(--awb-typography2-line-height);--awb-title-text-transform:var(--awb-typography2-text-transform);--awb-content-font-family:var(--awb-typography4-font-family);--awb-content-font-weight:var(--awb-typography4-font-weight);--awb-content-font-style:var(--awb-typography4-font-style);\"><div class=\"panel-group fusion-toggle-icon-unboxed\" id=\"accordion-19897-1\"><div class=\"fusion-panel panel-default panel-0a3282fea98b64d1f fusion-toggle-no-divider fusion-toggle-boxed-mode\" style=\"--awb-title-color:#ff0000;--awb-content-color:#222222;\"><div class=\"panel-heading\"><h3 class=\"panel-title toggle\" id=\"toggle_0a3282fea98b64d1f\"><a aria-expanded=\"false\" aria-controls=\"0a3282fea98b64d1f\" role=\"button\" data-toggle=\"collapse\" data-parent=\"#accordion-19897-1\" data-target=\"#0a3282fea98b64d1f\" href=\"#0a3282fea98b64d1f\"><span class=\"fusion-toggle-icon-wrapper\" aria-hidden=\"true\"><i class=\"fa-fusion-box active-icon fa-angle-up fas\" aria-hidden=\"true\"><\/i><i class=\"fa-fusion-box inactive-icon fa-angle-down fas\" aria-hidden=\"true\"><\/i><\/span><span class=\"fusion-toggle-heading\">TRAIN<\/span><\/a><\/h3><\/div><div id=\"0a3282fea98b64d1f\" class=\"panel-collapse collapse \" aria-labelledby=\"toggle_0a3282fea98b64d1f\"><div class=\"panel-body toggle-content fusion-clearfix\">\n<div class=\"fusion-text fusion-text-3\">\n<p>Depuis l\u2019Europe du Nord et l\u2019int\u00e9rieur de la Suisse, vous pouvez rejoindre la r\u00e9gion du lac Majeur en utilisant la ligne ferroviaire internationale B\u00e2le-Milan ou Zurich-Milan avec ses trains directs, Intercity et Eurocity. \u00c0 Bellinzone, il est n\u00e9cessaire de changer de train (sauf en cas de correspondance directe) en direction de Locarno sur le lac Majeur.<\/p>\n<p>De Domodossola (sur l\u2019axe de la ligne internationale du Simplon), on peut acc\u00e9der \u00e0 toute la r\u00e9gion gr\u00e2ce \u00e0 la ligne internationale \u00e0 voie \u00e9troite des Centovalli, un voyage particuli\u00e8rement romantique.<\/p>\n<p>Avec la ligne Milan-Centrale via C\u00f4me, vous pouvez rejoindre le Tessin depuis toutes les r\u00e9gions de l\u2019Europe m\u00e9diterran\u00e9enne, aussi bien avec les trains Intercity qu\u2019avec le train rapide Eurocity.<\/p>\n<p>Vous pouvez rechercher ci-dessous la connexion qui vous convient.<\/p>\n<ul>\n<li><a href=\"https:\/\/www.sbb.ch\/fr\/loisirs-vacances\/idees\/offre.html\/veranstaltungen\/ascona-locarno-run?at_medium=affiliate&amp;at_campaign=RAW_2024_127&amp;at_type=website_Partner_FR\">FFS<\/a><\/li>\n<li><a href=\"http:\/\/www.tilo.ch\/it\/\">Tilo<\/a><\/li>\n<li><a href=\"http:\/\/www.centovalli.ch\/?lang=IT\" target=\"_blank\" rel=\"noopener\">Centovalli (FART)<\/a> ou <a href=\"https:\/\/www.vigezzinacentovalli.com\/fr\/\" target=\"_blank\" rel=\"noopener\">Ferrovia Vigezzina-Centovalli<\/a><\/li>\n<\/ul>\n<\/div>\n<\/div><\/div><\/div><div class=\"fusion-panel panel-default panel-2f7082e976c1af3dd fusion-toggle-no-divider fusion-toggle-boxed-mode\" style=\"--awb-title-color:#ff0000;--awb-content-color:#222222;\"><div class=\"panel-heading\"><h3 class=\"panel-title toggle\" id=\"toggle_2f7082e976c1af3dd\"><a aria-expanded=\"false\" aria-controls=\"2f7082e976c1af3dd\" role=\"button\" data-toggle=\"collapse\" data-parent=\"#accordion-19897-1\" data-target=\"#2f7082e976c1af3dd\" href=\"#2f7082e976c1af3dd\"><span class=\"fusion-toggle-icon-wrapper\" aria-hidden=\"true\"><i class=\"fa-fusion-box active-icon fa-angle-up fas\" aria-hidden=\"true\"><\/i><i class=\"fa-fusion-box inactive-icon fa-angle-down fas\" aria-hidden=\"true\"><\/i><\/span><span class=\"fusion-toggle-heading\">VOITURE<\/span><\/a><\/h3><\/div><div id=\"2f7082e976c1af3dd\" class=\"panel-collapse collapse \" aria-labelledby=\"toggle_2f7082e976c1af3dd\"><div class=\"panel-body toggle-content fusion-clearfix\">\n<div class=\"fusion-text fusion-text-4\">\n<p>Nous vous recommandons de garer votre voiture \u00e0 la fronti\u00e8re ou dans une zone accessible aux transports publics* pour profiter de la fantastique opportunit\u00e9 de voyager gratuitement en Suisse. N\u2019oubliez pas de faire votre billet gratuit sur <a href=\"https:\/\/www.sbb.ch\/fr\/loisirs-vacances\/idees\/offre.html\/veranstaltungen\/ascona-locarno-run?at_medium=affiliate&amp;at_campaign=RAW_2024_127&amp;at_type=website_Partner_FR\">sbb.ch<\/a>, utilisant les codes promotionnels, et gardez votre num\u00e9ro de dossard \u00e0 port\u00e9e de main!<\/p>\n<p>Vous pouvez facilement rejoindre la r\u00e9gion du lac Majeur en voiture :<\/p>\n<ul>\n<li>du sud avec l\u2019autoroute des lacs de Milan \u00e0 la fronti\u00e8re suisse \u00e0 Chiasso-Brogeda, puis avec l\u2019autoroute A2 en direction du nord, en suivant les indications pour le Gothard et en passant par Mendrisio, Lugano, Bellinzona et en prenant l\u2019embranchement pour Locarno et le lac Majeur.<\/li>\n<li>En provenance du Nord, par l\u2019autoroute A2, en direction de Bellinzona (sortie Bellinzona sud, puis suivre les indications pour Locarno et le Lac Majeur).<\/li>\n<li>En venant du Nord, vous pouvez arriver en traversant le col du Simplon, en suivant la E62 jusqu\u2019\u00e0 Domodossola, puis en suivant les indications pour Locarno et la SS337 (Valle Vigezzo).<\/li>\n<\/ul>\n<p>Les voies de communication au Tessin sont particuli\u00e8rement s\u00fbres et modernes.<\/p>\n<p><strong>Allumez les phares: maintenant aussi pendant la journ\u00e9e.<\/strong><\/p>\n<p>En Suisse, tous les usagers motoris\u00e9s de la route sont tenus par la loi d\u2019allumer leurs phares pendant la journ\u00e9e.<\/p>\n<p><strong>Voir aussi: <a href=\"https:\/\/www.tcs.ch\/fr\/tools\/inforoute-situation-trafic\/\" target=\"_blank\" rel=\"noopener noreferrer\">TCS \u2013 Infostrada<\/a><\/strong><\/p>\n<p>Vous trouverez ici tout ce dont vous avez besoin pour planifier votre voyage : itin\u00e9raire, pr\u00e9visions de trafic, m\u00e9t\u00e9o routi\u00e8re et bien s\u00fbr la situation actuelle sur le r\u00e9seau routier suisse.<\/p>\n<p><em>* Frais de stationnement \u00e0 vos frais.<\/em><\/p>\n<\/div>\n<\/div><\/div><\/div><div class=\"fusion-panel panel-default panel-9fd9d4c7eb1e0ac13 fusion-toggle-no-divider fusion-toggle-boxed-mode\" style=\"--awb-title-color:#ff0000;--awb-content-color:#222222;\"><div class=\"panel-heading\"><h3 class=\"panel-title toggle\" id=\"toggle_9fd9d4c7eb1e0ac13\"><a aria-expanded=\"false\" aria-controls=\"9fd9d4c7eb1e0ac13\" role=\"button\" data-toggle=\"collapse\" data-parent=\"#accordion-19897-1\" data-target=\"#9fd9d4c7eb1e0ac13\" href=\"#9fd9d4c7eb1e0ac13\"><span class=\"fusion-toggle-icon-wrapper\" aria-hidden=\"true\"><i class=\"fa-fusion-box active-icon fa-angle-up fas\" aria-hidden=\"true\"><\/i><i class=\"fa-fusion-box inactive-icon fa-angle-down fas\" aria-hidden=\"true\"><\/i><\/span><span class=\"fusion-toggle-heading\">AVION<\/span><\/a><\/h3><\/div><div id=\"9fd9d4c7eb1e0ac13\" class=\"panel-collapse collapse \" aria-labelledby=\"toggle_9fd9d4c7eb1e0ac13\"><div class=\"panel-body toggle-content fusion-clearfix\">\n<p>Vous pouvez facilement rejoindre Ascona-Locarno depuis deux a\u00e9roports internationaux situ\u00e9s pr\u00e8s de la r\u00e9gion du Lac Majeur!<strong>*<\/strong><\/p>\n<p>De l\u2019a\u00e9roport international de Zurich-Kloten, vous pouvez prendre le train directement pour Locarno. Tous les membres b\u00e9n\u00e9ficient de la gratuit\u00e9 des transports publics en Suisse. N\u2019oubliez pas de vous procurer votre billet gratuit sur <a href=\"https:\/\/www.sbb.ch\/fr\/loisirs-vacances\/idees\/offre.html\/veranstaltungen\/ascona-locarno-run?at_medium=affiliate&amp;at_campaign=RAW_2024_127&amp;at_type=website_Partner_FR\">sbb.ch<\/a> utilisant les codes promotionnels!<\/p>\n<p>De l\u2019a\u00e9roport international Malpensa de Milan, vous pouvez prendre le train pour Locarno, n\u2019oubliez pas de payer le billet pour la section italienne, tandis que pour la section suisse, vous aurez des billets gratuits pour les courses (vous devrez faire le billet gratuit de la fronti\u00e8re suisse \u00e0 Locarno sur le site cff.ch\/cffticketshop. en utilisant les codes promotionnels).<\/p>\n<p><em>*Tous les transports vers le territoire suisse sont \u00e0 la charge des participants aux courses.<\/em><\/p>\n<\/div><\/div><\/div><\/div><\/div><\/div><\/div><\/div><\/div><\/p>\n","protected":false},"excerpt":{"rendered":"","protected":false},"author":8,"featured_media":0,"parent":0,"menu_order":0,"comment_status":"closed","ping_status":"closed","template":"","meta":{"footnotes":""},"class_list":["post-19897","page","type-page","status-publish","hentry"],"yoast_head":"<!-- This site is optimized with the Yoast SEO plugin v27.5 - https:\/\/yoast.com\/product\/yoast-seo-wordpress\/ -->\n<title>La gratuit\u00e9 des transports - Ascona Locarno Run<\/title>\n<meta name=\"robots\" content=\"index, follow, max-snippet:-1, max-image-preview:large, max-video-preview:-1\" \/>\n<link rel=\"canonical\" href=\"https:\/\/www.ascona-locarno-run.ch\/fr\/la-gratuite-des-transports\/\" \/>\n<meta property=\"og:locale\" content=\"fr_FR\" \/>\n<meta property=\"og:type\" content=\"article\" \/>\n<meta property=\"og:title\" content=\"La gratuit\u00e9 des transports - Ascona Locarno Run\" \/>\n<meta property=\"og:url\" content=\"https:\/\/www.ascona-locarno-run.ch\/fr\/la-gratuite-des-transports\/\" \/>\n<meta property=\"og:site_name\" content=\"Ascona Locarno Run\" \/>\n<meta property=\"article:publisher\" content=\"https:\/\/www.facebook.com\/AsconaLocarnoRun\/\" \/>\n<meta property=\"article:modified_time\" content=\"2025-04-08T07:47:18+00:00\" \/>\n<meta property=\"og:image\" content=\"https:\/\/www.ascona-locarno-run.ch\/wp-content\/uploads\/2024\/03\/alr-FB-cover-2024.jpg\" \/>\n\t<meta property=\"og:image:width\" content=\"851\" \/>\n\t<meta property=\"og:image:height\" content=\"315\" \/>\n\t<meta property=\"og:image:type\" content=\"image\/jpeg\" \/>\n<meta name=\"twitter:card\" content=\"summary_large_image\" \/>\n<meta name=\"twitter:label1\" content=\"Dur\u00e9e de lecture estim\u00e9e\" \/>\n\t<meta name=\"twitter:data1\" content=\"6 minutes\" \/>\n<script type=\"application\/ld+json\" class=\"yoast-schema-graph\">{\"@context\":\"https:\\\/\\\/schema.org\",\"@graph\":[{\"@type\":\"WebPage\",\"@id\":\"https:\\\/\\\/www.ascona-locarno-run.ch\\\/fr\\\/la-gratuite-des-transports\\\/\",\"url\":\"https:\\\/\\\/www.ascona-locarno-run.ch\\\/fr\\\/la-gratuite-des-transports\\\/\",\"name\":\"La gratuit\u00e9 des transports - Ascona Locarno Run\",\"isPartOf\":{\"@id\":\"https:\\\/\\\/www.ascona-locarno-run.ch\\\/#website\"},\"datePublished\":\"2020-03-04T09:17:24+00:00\",\"dateModified\":\"2025-04-08T07:47:18+00:00\",\"breadcrumb\":{\"@id\":\"https:\\\/\\\/www.ascona-locarno-run.ch\\\/fr\\\/la-gratuite-des-transports\\\/#breadcrumb\"},\"inLanguage\":\"fr-FR\",\"potentialAction\":[{\"@type\":\"ReadAction\",\"target\":[\"https:\\\/\\\/www.ascona-locarno-run.ch\\\/fr\\\/la-gratuite-des-transports\\\/\"]}]},{\"@type\":\"BreadcrumbList\",\"@id\":\"https:\\\/\\\/www.ascona-locarno-run.ch\\\/fr\\\/la-gratuite-des-transports\\\/#breadcrumb\",\"itemListElement\":[{\"@type\":\"ListItem\",\"position\":1,\"name\":\"Home\",\"item\":\"https:\\\/\\\/www.ascona-locarno-run.ch\\\/fr\\\/\"},{\"@type\":\"ListItem\",\"position\":2,\"name\":\"La gratuit\u00e9 des transports\"}]},{\"@type\":\"WebSite\",\"@id\":\"https:\\\/\\\/www.ascona-locarno-run.ch\\\/#website\",\"url\":\"https:\\\/\\\/www.ascona-locarno-run.ch\\\/\",\"name\":\"Ascona-Locarno Run\",\"description\":\"L\u2019endroit parfait pour votre course !\u00a0\",\"publisher\":{\"@id\":\"https:\\\/\\\/www.ascona-locarno-run.ch\\\/#organization\"},\"potentialAction\":[{\"@type\":\"SearchAction\",\"target\":{\"@type\":\"EntryPoint\",\"urlTemplate\":\"https:\\\/\\\/www.ascona-locarno-run.ch\\\/?s={search_term_string}\"},\"query-input\":{\"@type\":\"PropertyValueSpecification\",\"valueRequired\":true,\"valueName\":\"search_term_string\"}}],\"inLanguage\":\"fr-FR\"},{\"@type\":\"Organization\",\"@id\":\"https:\\\/\\\/www.ascona-locarno-run.ch\\\/#organization\",\"name\":\"Ascona-Locarno Run\",\"url\":\"https:\\\/\\\/www.ascona-locarno-run.ch\\\/\",\"logo\":{\"@type\":\"ImageObject\",\"inLanguage\":\"fr-FR\",\"@id\":\"https:\\\/\\\/www.ascona-locarno-run.ch\\\/#\\\/schema\\\/logo\\\/image\\\/\",\"url\":\"https:\\\/\\\/www.ascona-locarno-run.ch\\\/wp-content\\\/uploads\\\/2024\\\/02\\\/logo-alr-colored.png\",\"contentUrl\":\"https:\\\/\\\/www.ascona-locarno-run.ch\\\/wp-content\\\/uploads\\\/2024\\\/02\\\/logo-alr-colored.png\",\"width\":800,\"height\":368,\"caption\":\"Ascona-Locarno Run\"},\"image\":{\"@id\":\"https:\\\/\\\/www.ascona-locarno-run.ch\\\/#\\\/schema\\\/logo\\\/image\\\/\"},\"sameAs\":[\"https:\\\/\\\/www.facebook.com\\\/AsconaLocarnoRun\\\/\",\"https:\\\/\\\/www.instagram.com\\\/ascona_locarno_run\\\/\"]}]}<\/script>\n<!-- \/ Yoast SEO plugin. -->","yoast_head_json":{"title":"La gratuit\u00e9 des transports - Ascona Locarno Run","robots":{"index":"index","follow":"follow","max-snippet":"max-snippet:-1","max-image-preview":"max-image-preview:large","max-video-preview":"max-video-preview:-1"},"canonical":"https:\/\/www.ascona-locarno-run.ch\/fr\/la-gratuite-des-transports\/","og_locale":"fr_FR","og_type":"article","og_title":"La gratuit\u00e9 des transports - Ascona Locarno Run","og_url":"https:\/\/www.ascona-locarno-run.ch\/fr\/la-gratuite-des-transports\/","og_site_name":"Ascona Locarno Run","article_publisher":"https:\/\/www.facebook.com\/AsconaLocarnoRun\/","article_modified_time":"2025-04-08T07:47:18+00:00","og_image":[{"width":851,"height":315,"url":"https:\/\/www.ascona-locarno-run.ch\/wp-content\/uploads\/2024\/03\/alr-FB-cover-2024.jpg","type":"image\/jpeg"}],"twitter_card":"summary_large_image","twitter_misc":{"Dur\u00e9e de lecture estim\u00e9e":"6 minutes"},"schema":{"@context":"https:\/\/schema.org","@graph":[{"@type":"WebPage","@id":"https:\/\/www.ascona-locarno-run.ch\/fr\/la-gratuite-des-transports\/","url":"https:\/\/www.ascona-locarno-run.ch\/fr\/la-gratuite-des-transports\/","name":"La gratuit\u00e9 des transports - Ascona Locarno Run","isPartOf":{"@id":"https:\/\/www.ascona-locarno-run.ch\/#website"},"datePublished":"2020-03-04T09:17:24+00:00","dateModified":"2025-04-08T07:47:18+00:00","breadcrumb":{"@id":"https:\/\/www.ascona-locarno-run.ch\/fr\/la-gratuite-des-transports\/#breadcrumb"},"inLanguage":"fr-FR","potentialAction":[{"@type":"ReadAction","target":["https:\/\/www.ascona-locarno-run.ch\/fr\/la-gratuite-des-transports\/"]}]},{"@type":"BreadcrumbList","@id":"https:\/\/www.ascona-locarno-run.ch\/fr\/la-gratuite-des-transports\/#breadcrumb","itemListElement":[{"@type":"ListItem","position":1,"name":"Home","item":"https:\/\/www.ascona-locarno-run.ch\/fr\/"},{"@type":"ListItem","position":2,"name":"La gratuit\u00e9 des transports"}]},{"@type":"WebSite","@id":"https:\/\/www.ascona-locarno-run.ch\/#website","url":"https:\/\/www.ascona-locarno-run.ch\/","name":"Ascona-Locarno Run","description":"L\u2019endroit parfait pour votre course !\u00a0","publisher":{"@id":"https:\/\/www.ascona-locarno-run.ch\/#organization"},"potentialAction":[{"@type":"SearchAction","target":{"@type":"EntryPoint","urlTemplate":"https:\/\/www.ascona-locarno-run.ch\/?s={search_term_string}"},"query-input":{"@type":"PropertyValueSpecification","valueRequired":true,"valueName":"search_term_string"}}],"inLanguage":"fr-FR"},{"@type":"Organization","@id":"https:\/\/www.ascona-locarno-run.ch\/#organization","name":"Ascona-Locarno Run","url":"https:\/\/www.ascona-locarno-run.ch\/","logo":{"@type":"ImageObject","inLanguage":"fr-FR","@id":"https:\/\/www.ascona-locarno-run.ch\/#\/schema\/logo\/image\/","url":"https:\/\/www.ascona-locarno-run.ch\/wp-content\/uploads\/2024\/02\/logo-alr-colored.png","contentUrl":"https:\/\/www.ascona-locarno-run.ch\/wp-content\/uploads\/2024\/02\/logo-alr-colored.png","width":800,"height":368,"caption":"Ascona-Locarno Run"},"image":{"@id":"https:\/\/www.ascona-locarno-run.ch\/#\/schema\/logo\/image\/"},"sameAs":["https:\/\/www.facebook.com\/AsconaLocarnoRun\/","https:\/\/www.instagram.com\/ascona_locarno_run\/"]}]}},"_links":{"self":[{"href":"https:\/\/www.ascona-locarno-run.ch\/fr\/wp-json\/wp\/v2\/pages\/19897","targetHints":{"allow":["GET"]}}],"collection":[{"href":"https:\/\/www.ascona-locarno-run.ch\/fr\/wp-json\/wp\/v2\/pages"}],"about":[{"href":"https:\/\/www.ascona-locarno-run.ch\/fr\/wp-json\/wp\/v2\/types\/page"}],"author":[{"embeddable":true,"href":"https:\/\/www.ascona-locarno-run.ch\/fr\/wp-json\/wp\/v2\/users\/8"}],"replies":[{"embeddable":true,"href":"https:\/\/www.ascona-locarno-run.ch\/fr\/wp-json\/wp\/v2\/comments?post=19897"}],"version-history":[{"count":35,"href":"https:\/\/www.ascona-locarno-run.ch\/fr\/wp-json\/wp\/v2\/pages\/19897\/revisions"}],"predecessor-version":[{"id":28553,"href":"https:\/\/www.ascona-locarno-run.ch\/fr\/wp-json\/wp\/v2\/pages\/19897\/revisions\/28553"}],"wp:attachment":[{"href":"https:\/\/www.ascona-locarno-run.ch\/fr\/wp-json\/wp\/v2\/media?parent=19897"}],"curies":[{"name":"wp","href":"https:\/\/api.w.org\/{rel}","templated":true}]}}