{"id":12799,"date":"2016-03-09T17:02:29","date_gmt":"2016-03-09T16:02:29","guid":{"rendered":"http:\/\/www.ascona-locarno-marathon.ch\/de\/?page_id=12799"},"modified":"2026-03-12T11:40:54","modified_gmt":"2026-03-12T10:40:54","slug":"kidsrun","status":"publish","type":"page","link":"https:\/\/www.ascona-locarno-run.ch\/de\/rennen\/kidsrun\/","title":{"rendered":"Kids Run"},"content":{"rendered":"<p><div class=\"fusion-fullwidth fullwidth-box fusion-builder-row-1 fusion-flex-container has-pattern-background has-mask-background nonhundred-percent-fullwidth non-hundred-percent-height-scrolling\" style=\"--awb-border-radius-top-left:0px;--awb-border-radius-top-right:0px;--awb-border-radius-bottom-right:0px;--awb-border-radius-bottom-left:0px;--awb-flex-wrap:wrap;\" ><div class=\"fusion-builder-row fusion-row fusion-flex-align-items-flex-start fusion-flex-content-wrap\" style=\"max-width:1144px;margin-left: calc(-4% \/ 2 );margin-right: calc(-4% \/ 2 );\"><div class=\"fusion-layout-column fusion_builder_column fusion-builder-column-0 fusion_builder_column_1_1 1_1 fusion-flex-column\" style=\"--awb-bg-size:cover;--awb-width-large:100%;--awb-margin-top-large:0px;--awb-spacing-right-large:1.92%;--awb-margin-bottom-large:20px;--awb-spacing-left-large:1.92%;--awb-width-medium:100%;--awb-spacing-right-medium:1.92%;--awb-spacing-left-medium:1.92%;--awb-width-small:100%;--awb-spacing-right-small:1.92%;--awb-spacing-left-small:1.92%;\"><div class=\"fusion-column-wrapper fusion-column-has-shadow fusion-flex-justify-content-flex-start fusion-content-layout-column\"><div class=\"fusion-image-element \" style=\"text-align:center;--awb-caption-title-font-family:var(--h2_typography-font-family);--awb-caption-title-font-weight:var(--h2_typography-font-weight);--awb-caption-title-font-style:var(--h2_typography-font-style);--awb-caption-title-size:var(--h2_typography-font-size);--awb-caption-title-transform:var(--h2_typography-text-transform);--awb-caption-title-line-height:var(--h2_typography-line-height);--awb-caption-title-letter-spacing:var(--h2_typography-letter-spacing);\"><span class=\" fusion-imageframe imageframe-none imageframe-1 hover-type-none\"><img decoding=\"async\" width=\"1200\" height=\"720\" title=\"kids-run-2025\" src=\"https:\/\/www.ascona-locarno-run.ch\/wp-content\/uploads\/2026\/01\/kids-run-2025.jpg\" data-orig-src=\"https:\/\/www.ascona-locarno-run.ch\/wp-content\/uploads\/2026\/01\/kids-run-2025.jpg\" alt class=\"lazyload img-responsive wp-image-29374\" srcset=\"data:image\/svg+xml,%3Csvg%20xmlns%3D%27http%3A%2F%2Fwww.w3.org%2F2000%2Fsvg%27%20width%3D%271200%27%20height%3D%27720%27%20viewBox%3D%270%200%201200%20720%27%3E%3Crect%20width%3D%271200%27%20height%3D%27720%27%20fill-opacity%3D%220%22%2F%3E%3C%2Fsvg%3E\" data-srcset=\"https:\/\/www.ascona-locarno-run.ch\/wp-content\/uploads\/2026\/01\/kids-run-2025-200x120.jpg 200w, https:\/\/www.ascona-locarno-run.ch\/wp-content\/uploads\/2026\/01\/kids-run-2025-400x240.jpg 400w, https:\/\/www.ascona-locarno-run.ch\/wp-content\/uploads\/2026\/01\/kids-run-2025-600x360.jpg 600w, https:\/\/www.ascona-locarno-run.ch\/wp-content\/uploads\/2026\/01\/kids-run-2025-800x480.jpg 800w, https:\/\/www.ascona-locarno-run.ch\/wp-content\/uploads\/2026\/01\/kids-run-2025.jpg 1200w\" data-sizes=\"auto\" data-orig-sizes=\"(max-width: 1024px) 100vw, (max-width: 480px) 100vw, 1200px\" \/><\/span><\/div><\/div><\/div><div class=\"fusion-layout-column fusion_builder_column fusion-builder-column-1 fusion_builder_column_1_1 1_1 fusion-flex-column fusion-flex-align-self-flex-start fusion-column-no-min-height\" style=\"--awb-bg-size:cover;--awb-width-large:100%;--awb-margin-top-large:0px;--awb-spacing-right-large:1.92%;--awb-margin-bottom-large:0px;--awb-spacing-left-large:1.92%;--awb-width-medium:100%;--awb-spacing-right-medium:1.92%;--awb-spacing-left-medium:1.92%;--awb-width-small:100%;--awb-spacing-right-small:1.92%;--awb-spacing-left-small:1.92%;\"><div class=\"fusion-column-wrapper fusion-flex-justify-content-flex-start fusion-content-layout-column\"><div class=\"fusion-text fusion-text-1\"><p>Der <strong>Kids Run<\/strong> wird organisiert, um den j\u00fcngeren Kindern die Welt des Rennens zu n\u00e4hern.<\/p>\n<p>Der Lauf ist eine kreisf\u00f6rmige Route von 300 m, der ein- oder mehrmals, je nach Alters-Kategorie im Inneren der Piazza Grande in Locarno absolviert wird.<\/p>\n<p>Kinder 2022 und kleinerers k\u00f6nnen das Rennen als Eltern-Kind bestreiten und das in Begleitung eines Erwachsenen.<\/p>\n<p><strong>Der &#8222;Ascona-Locarno Run&#8220; wird in einer festlichen Atmosph\u00e4re von Kindern er\u00f6ffnet, die die Piazza Grande von Locarno mit ihrer Energie anstecken werden.<\/strong><\/p>\n<\/div><\/div><\/div><\/div><\/div><div class=\"fusion-fullwidth fullwidth-box fusion-builder-row-2 fusion-flex-container has-pattern-background has-mask-background nonhundred-percent-fullwidth non-hundred-percent-height-scrolling\" style=\"--awb-border-radius-top-left:0px;--awb-border-radius-top-right:0px;--awb-border-radius-bottom-right:0px;--awb-border-radius-bottom-left:0px;--awb-margin-top:20px;--awb-margin-bottom:0px;--awb-flex-wrap:wrap;\" ><div class=\"fusion-builder-row fusion-row fusion-flex-align-items-flex-start fusion-flex-content-wrap\" style=\"max-width:1144px;margin-left: calc(-4% \/ 2 );margin-right: calc(-4% \/ 2 );\"><div class=\"fusion-layout-column fusion_builder_column fusion-builder-column-2 fusion_builder_column_1_3 1_3 fusion-flex-column\" style=\"--awb-bg-size:cover;--awb-width-large:33.333333333333%;--awb-margin-top-large:0px;--awb-spacing-right-large:5.76%;--awb-margin-bottom-large:0px;--awb-spacing-left-large:5.76%;--awb-width-medium:100%;--awb-order-medium:0;--awb-spacing-right-medium:1.92%;--awb-spacing-left-medium:1.92%;--awb-width-small:100%;--awb-order-small:0;--awb-spacing-right-small:1.92%;--awb-spacing-left-small:1.92%;\"><div class=\"fusion-column-wrapper fusion-column-has-shadow fusion-flex-justify-content-flex-start fusion-content-layout-column\"><div class=\"fusion-title title fusion-title-1 sep-underline sep-solid fusion-title-center fusion-title-text fusion-title-size-three\" style=\"--awb-text-color:var(--awb-color6);--awb-margin-bottom-small:10px;--awb-sep-color:var(--awb-color6);--awb-font-size:30px;\"><h3 class=\"fusion-title-heading title-heading-center fusion-responsive-typography-calculated\" style=\"font-family:&quot;Poppins&quot;;font-style:italic;font-weight:600;margin:0;letter-spacing:var(--awb-typography1-letter-spacing);text-transform:var(--awb-typography1-text-transform);font-size:1em;--fontSize:30;line-height:var(--awb-typography1-line-height);\">datum<\/h3><\/div><div class=\"fusion-text fusion-text-2\" style=\"--awb-content-alignment:center;--awb-font-size:20px;--awb-line-height:var(--awb-typography3-line-height);--awb-text-transform:var(--awb-typography3-text-transform);--awb-text-color:var(--awb-custom12);--awb-margin-top:0px;--awb-text-font-family:&quot;Poppins&quot;;--awb-text-font-style:italic;--awb-text-font-weight:500;\"><p>Samstag<br \/>\n10. Oktober 2026<\/p>\n<\/div><\/div><\/div><div class=\"fusion-layout-column fusion_builder_column fusion-builder-column-3 fusion_builder_column_1_3 1_3 fusion-flex-column\" style=\"--awb-bg-size:cover;--awb-width-large:33.333333333333%;--awb-margin-top-large:0px;--awb-spacing-right-large:5.76%;--awb-margin-bottom-large:0px;--awb-spacing-left-large:5.76%;--awb-width-medium:100%;--awb-order-medium:0;--awb-spacing-right-medium:1.92%;--awb-spacing-left-medium:1.92%;--awb-width-small:100%;--awb-order-small:0;--awb-spacing-right-small:1.92%;--awb-spacing-left-small:1.92%;\"><div class=\"fusion-column-wrapper fusion-column-has-shadow fusion-flex-justify-content-flex-start fusion-content-layout-column\"><div class=\"fusion-title title fusion-title-2 sep-underline sep-solid fusion-title-center fusion-title-text fusion-title-size-three\" style=\"--awb-text-color:var(--awb-color6);--awb-margin-bottom-small:10px;--awb-sep-color:var(--awb-color6);--awb-font-size:30px;\"><h3 class=\"fusion-title-heading title-heading-center fusion-responsive-typography-calculated\" style=\"font-family:&quot;Poppins&quot;;font-style:italic;font-weight:600;margin:0;letter-spacing:var(--awb-typography1-letter-spacing);text-transform:var(--awb-typography1-text-transform);font-size:1em;--fontSize:30;line-height:var(--awb-typography1-line-height);\">startzeit<\/h3><\/div><div class=\"fusion-text fusion-text-3\" style=\"--awb-content-alignment:center;--awb-font-size:20px;--awb-line-height:var(--awb-typography3-line-height);--awb-text-transform:var(--awb-typography3-text-transform);--awb-text-color:var(--awb-custom12);--awb-text-font-family:&quot;Poppins&quot;;--awb-text-font-style:italic;--awb-text-font-weight:500;\"><p>ab<br \/>\n15:15 Uhr<\/p>\n<\/div><\/div><\/div><div class=\"fusion-layout-column fusion_builder_column fusion-builder-column-4 fusion_builder_column_1_3 1_3 fusion-flex-column\" style=\"--awb-bg-size:cover;--awb-width-large:33.333333333333%;--awb-margin-top-large:0px;--awb-spacing-right-large:5.76%;--awb-margin-bottom-large:0px;--awb-spacing-left-large:5.76%;--awb-width-medium:100%;--awb-order-medium:0;--awb-spacing-right-medium:1.92%;--awb-spacing-left-medium:1.92%;--awb-width-small:100%;--awb-order-small:0;--awb-spacing-right-small:1.92%;--awb-spacing-left-small:1.92%;\"><div class=\"fusion-column-wrapper fusion-column-has-shadow fusion-flex-justify-content-flex-start fusion-content-layout-column\"><div class=\"fusion-title title fusion-title-3 sep-underline sep-solid fusion-title-center fusion-title-text fusion-title-size-three\" style=\"--awb-text-color:var(--awb-color6);--awb-margin-bottom-small:10px;--awb-sep-color:var(--awb-color6);--awb-font-size:30px;\"><h3 class=\"fusion-title-heading title-heading-center fusion-responsive-typography-calculated\" style=\"font-family:&quot;Poppins&quot;;font-style:italic;font-weight:600;margin:0;letter-spacing:var(--awb-typography1-letter-spacing);text-transform:var(--awb-typography1-text-transform);font-size:1em;--fontSize:30;line-height:var(--awb-typography1-line-height);\">start und ziel<\/h3><\/div><div class=\"fusion-text fusion-text-4\" style=\"--awb-content-alignment:center;--awb-font-size:20px;--awb-line-height:var(--awb-typography3-line-height);--awb-text-transform:var(--awb-typography3-text-transform);--awb-text-color:var(--awb-custom12);--awb-text-font-family:&quot;Poppins&quot;;--awb-text-font-style:italic;--awb-text-font-weight:500;\"><p>Piazza Grande<br \/>\nLocarno<\/p>\n<\/div><\/div><\/div><\/div><\/div><div class=\"fusion-fullwidth fullwidth-box fusion-builder-row-3 fusion-flex-container nonhundred-percent-fullwidth non-hundred-percent-height-scrolling\" style=\"--awb-border-radius-top-left:0px;--awb-border-radius-top-right:0px;--awb-border-radius-bottom-right:0px;--awb-border-radius-bottom-left:0px;--awb-flex-wrap:wrap;\" ><div class=\"fusion-builder-row fusion-row fusion-flex-align-items-flex-start fusion-flex-content-wrap\" style=\"max-width:1144px;margin-left: calc(-4% \/ 2 );margin-right: calc(-4% \/ 2 );\"><div class=\"fusion-layout-column fusion_builder_column fusion-builder-column-5 fusion_builder_column_1_1 1_1 fusion-flex-column\" style=\"--awb-bg-size:cover;--awb-width-large:100%;--awb-margin-top-large:0px;--awb-spacing-right-large:1.92%;--awb-margin-bottom-large:20px;--awb-spacing-left-large:1.92%;--awb-width-medium:100%;--awb-order-medium:0;--awb-spacing-right-medium:1.92%;--awb-spacing-left-medium:1.92%;--awb-width-small:100%;--awb-order-small:0;--awb-spacing-right-small:1.92%;--awb-spacing-left-small:1.92%;\"><div class=\"fusion-column-wrapper fusion-column-has-shadow fusion-flex-justify-content-flex-start fusion-content-layout-column\"><div class=\"fusion-separator fusion-full-width-sep\" style=\"align-self: center;margin-left: auto;margin-right: auto;margin-top:10px;margin-bottom:10px;width:100%;\"><\/div><div style=\"text-align:center;\"><a class=\"fusion-button button-flat button-xlarge button-default fusion-button-default button-1 fusion-button-span-no fusion-button-default-type fusion-animated\" style=\"--button_text_transform:uppercase;\" data-animationType=\"bounceIn\" data-animationDuration=\"1.1\" data-animationOffset=\"top-into-view\" target=\"_blank\" rel=\"noopener noreferrer\" title=\"JETZT ANMELDEN\" aria-label=\"JETZT ANMELDEN\" href=\"https:\/\/onreg.datasport.com\/de\/ascona-locarno-run-2026\"><i class=\"fa-running fas awb-button__icon awb-button__icon--default button-icon-left\" aria-hidden=\"true\"><\/i><span class=\"fusion-button-text awb-button__text awb-button__text--default\">JETZT ANMELDEN<\/span><\/a><\/div><div class=\"fusion-text fusion-text-5\"><p style=\"text-align: center; margin-top: 15px; font-size: 12px;\">Der Link ist ab dem 13.03.2026 um 06.00 Uhr aktiv.<\/p>\n<\/div><\/div><\/div><\/div><\/div><div class=\"fusion-fullwidth fullwidth-box fusion-builder-row-4 fusion-flex-container has-pattern-background has-mask-background nonhundred-percent-fullwidth non-hundred-percent-height-scrolling\" style=\"--awb-border-radius-top-left:0px;--awb-border-radius-top-right:0px;--awb-border-radius-bottom-right:0px;--awb-border-radius-bottom-left:0px;--awb-flex-wrap:wrap;\" ><div class=\"fusion-builder-row fusion-row fusion-flex-align-items-flex-start fusion-flex-content-wrap\" style=\"max-width:1144px;margin-left: calc(-4% \/ 2 );margin-right: calc(-4% \/ 2 );\"><div class=\"fusion-layout-column fusion_builder_column fusion-builder-column-6 fusion_builder_column_1_1 1_1 fusion-flex-column\" style=\"--awb-bg-size:cover;--awb-width-large:100%;--awb-margin-top-large:0px;--awb-spacing-right-large:1.92%;--awb-margin-bottom-large:20px;--awb-spacing-left-large:1.92%;--awb-width-medium:100%;--awb-order-medium:0;--awb-spacing-right-medium:1.92%;--awb-spacing-left-medium:1.92%;--awb-width-small:100%;--awb-order-small:0;--awb-spacing-right-small:1.92%;--awb-spacing-left-small:1.92%;\"><div class=\"fusion-column-wrapper fusion-column-has-shadow fusion-flex-justify-content-flex-start fusion-content-layout-column\"><div class=\"accordian fusion-accordian\" style=\"--awb-border-size:0px;--awb-icon-size:30px;--awb-content-font-size:15px;--awb-icon-alignment:left;--awb-hover-color:var(--awb-custom10);--awb-border-color:#cccccc;--awb-background-color:var(--awb-custom16);--awb-divider-color:#e0dede;--awb-divider-hover-color:#e0dede;--awb-icon-color:var(--awb-color6);--awb-title-color:var(--awb-color1);--awb-content-color:#222222;--awb-icon-box-color:#333333;--awb-toggle-hover-accent-color:var(--awb-custom12);--awb-toggle-active-accent-color:var(--awb-custom12);--awb-title-font-family:&quot;Poppins&quot;;--awb-title-font-weight:600;--awb-title-font-style:italic;--awb-title-font-size:22px;--awb-title-letter-spacing:0px;--awb-title-line-height:30px;--awb-title-text-transform:uppercase;--awb-content-font-family:&quot;Open Sans&quot;;--awb-content-font-style:normal;--awb-content-font-weight:400;\"><div class=\"panel-group fusion-toggle-icon-unboxed\" id=\"accordion-12799-1\"><div class=\"fusion-panel panel-default panel-9b53267531a904a5f fusion-toggle-no-divider fusion-toggle-boxed-mode\" style=\"--awb-title-color:#ff0000;--awb-content-color:#222222;\"><div class=\"panel-heading\"><h3 class=\"panel-title toggle\" id=\"toggle_9b53267531a904a5f\"><a aria-expanded=\"false\" aria-controls=\"9b53267531a904a5f\" role=\"button\" data-toggle=\"collapse\" data-parent=\"#accordion-12799-1\" data-target=\"#9b53267531a904a5f\" href=\"#9b53267531a904a5f\"><span class=\"fusion-toggle-icon-wrapper\" aria-hidden=\"true\"><i class=\"fa-fusion-box active-icon fa-angle-up fas\" aria-hidden=\"true\"><\/i><i class=\"fa-fusion-box inactive-icon fa-angle-down fas\" aria-hidden=\"true\"><\/i><\/span><span class=\"fusion-toggle-heading\">Teilnahmegeb\u00fchr<\/span><\/a><\/h3><\/div><div id=\"9b53267531a904a5f\" class=\"panel-collapse collapse \" aria-labelledby=\"toggle_9b53267531a904a5f\"><div class=\"panel-body toggle-content fusion-clearfix\">\n<div class=\"fusion-text fusion-text-7\">\n<ul>\n<li><strong>CHF 10.<\/strong>\u2013 Online-Anmeldungen vom 13. M\u00e4rz bis zum 10. Oktober um 14.45 Uhr.<\/li>\n<li>Am Samstag, den 10. Oktober, ist die Anmeldung von 13.00 Uhr bis 14.45 Uhr im Wettkampfdorf m\u00f6glich.*<\/li>\n<\/ul>\n<p><i>*Anmeldung vor Ort, solange der Vorrat an Startnummern reicht.<\/i><\/p>\n<p><i>Das Material (Rennpaket, Preise, usw.), das an den Veranstaltungstagen nicht abgeholt wird, wird nicht an Ihre Postadresse geschickt.<\/i><\/p>\n<\/div>\n<\/div><\/div><\/div><div class=\"fusion-panel panel-default panel-3823cde4fb6d6414d fusion-toggle-no-divider fusion-toggle-boxed-mode\" style=\"--awb-title-color:#ff0000;--awb-content-color:#222222;\"><div class=\"panel-heading\"><h3 class=\"panel-title toggle\" id=\"toggle_3823cde4fb6d6414d\"><a aria-expanded=\"false\" aria-controls=\"3823cde4fb6d6414d\" role=\"button\" data-toggle=\"collapse\" data-parent=\"#accordion-12799-1\" data-target=\"#3823cde4fb6d6414d\" href=\"#3823cde4fb6d6414d\"><span class=\"fusion-toggle-icon-wrapper\" aria-hidden=\"true\"><i class=\"fa-fusion-box active-icon fa-angle-up fas\" aria-hidden=\"true\"><\/i><i class=\"fa-fusion-box inactive-icon fa-angle-down fas\" aria-hidden=\"true\"><\/i><\/span><span class=\"fusion-toggle-heading\">Die Anmeldung umfasst<\/span><\/a><\/h3><\/div><div id=\"3823cde4fb6d6414d\" class=\"panel-collapse collapse \" aria-labelledby=\"toggle_3823cde4fb6d6414d\"><div class=\"panel-body toggle-content fusion-clearfix\">\n<ul>\n<li><strong>Rennpaket<\/strong><\/li>\n<li><strong>Medaille<\/strong>\u00a0f\u00fcr alle Teilnehmer<\/li>\n<li><strong>Teilnahmebescheinigung<\/strong>\u00a0online abrufbar auf der Datasport-Website<\/li>\n<li><strong>Fotodienst Foto Garbani<\/strong>\u00a0(Fotos sind nach der Veranstaltung\u00a0<strong>kostenlos<\/strong>\u00a0auf\u00a0<a href=\"http:\/\/www.fotogarbani.ch\/\" target=\"_blank\" rel=\"noopener\" data-saferedirecturl=\"https:\/\/www.google.com\/url?q=http:\/\/www.fotogarbani.ch\/&amp;source=gmail&amp;ust=1679045061661000&amp;usg=AOvVaw1g-YKdM6HiSeRM_RzmkOvf\">www.fotogarbani.ch<\/a>\u00a0erh\u00e4ltlich)<\/li>\n<li><strong>Kostenloser Eintritt<\/strong> in das Lido di Locarno am 11. Oktober 2026<\/li>\n<li>Personalisierte Startnummer mit Namen (f\u00fcr diejenigen, die sich bis zum 4. Oktober &#8222;online&#8220; anmelden)<\/li>\n<li>Datasport Timing Service,\u00a0Swiss precision timekeeper!<\/li>\n<li>Mikrochip f\u00fcr den Einmalgebrauch<\/li>\n<li>Anschlie\u00dfende Erfrischung im Ziel<\/li>\n<li>Umkleider\u00e4ume und Duschen (Handt\u00fccher und Duschmaterial werden nicht gestellt) zu Verf\u00fcgung.<\/li>\n<li>Bereitstehend, Kleiderschr\u00e4nke auf der Piazza Grande zum Preis von CHF 2.-<\/li>\n<li>Gesundheitsdienst mit erweiterter Erste-Hilfe-Station bei der Ankunft<\/li>\n<\/ul>\n<\/div><\/div><\/div><div class=\"fusion-panel panel-default panel-d75bae59bcf4525a0 fusion-toggle-no-divider fusion-toggle-boxed-mode\" style=\"--awb-title-color:#ff0000;--awb-content-color:#222222;\"><div class=\"panel-heading\"><h3 class=\"panel-title toggle\" id=\"toggle_d75bae59bcf4525a0\"><a aria-expanded=\"false\" aria-controls=\"d75bae59bcf4525a0\" role=\"button\" data-toggle=\"collapse\" data-parent=\"#accordion-12799-1\" data-target=\"#d75bae59bcf4525a0\" href=\"#d75bae59bcf4525a0\"><span class=\"fusion-toggle-icon-wrapper\" aria-hidden=\"true\"><i class=\"fa-fusion-box active-icon fa-angle-up fas\" aria-hidden=\"true\"><\/i><i class=\"fa-fusion-box inactive-icon fa-angle-down fas\" aria-hidden=\"true\"><\/i><\/span><span class=\"fusion-toggle-heading\">Kategorien<\/span><\/a><\/h3><\/div><div id=\"d75bae59bcf4525a0\" class=\"panel-collapse collapse \" aria-labelledby=\"toggle_d75bae59bcf4525a0\"><div class=\"panel-body toggle-content fusion-clearfix\">\n<div class=\"table-1\">\n<table width=\"100%\">\n<thead>\n<tr>\n<th colspan=\"2\" align=\"left\"><strong>Eltern-Kind-Lauf<\/strong><\/th>\n<th style=\"text-align: right;\"><strong>Startzeit<\/strong><\/th>\n<\/tr>\n<\/thead>\n<tbody>\n<tr>\n<td align=\"left\" width=\"50%\">Kinder geboren in den Jahren 2022 \u2013 2023 \u2013 2024<\/td>\n<td align=\"left\" width=\"25%\">1 Runde (300 m)<\/td>\n<td style=\"text-align: right;\" width=\"25%\">15:15<\/td>\n<\/tr>\n<\/tbody>\n<\/table>\n<\/div>\n<div class=\"fusion-separator fusion-full-width-sep\" style=\"align-self: center;margin-left: auto;margin-right: auto;margin-top:10px;margin-bottom:10px;width:100%;\"><\/div>\n<div class=\"table-1\">\n<table width=\"100%\">\n<thead>\n<tr>\n<th colspan=\"2\" align=\"left\"><strong>Kategorie Kinder<\/strong><\/th>\n<th style=\"text-align: right;\"><strong>Startzeit<\/strong><\/th>\n<\/tr>\n<\/thead>\n<tbody>\n<tr>\n<td align=\"left\" width=\"50%\"><span lang=\"IT-CH\">2021 geborene Kinder<\/span><\/td>\n<td align=\"left\" width=\"25%\">1 Runde (300 m)<\/td>\n<td style=\"text-align: right;\" width=\"25%\">15:30<\/td>\n<\/tr>\n<\/tbody>\n<\/table>\n<\/div>\n<div><div class=\"fusion-separator fusion-full-width-sep\" style=\"align-self: center;margin-left: auto;margin-right: auto;margin-top:10px;margin-bottom:10px;width:100%;\"><\/div><\/div>\n<div class=\"table-1\">\n<table width=\"100%\">\n<thead>\n<tr>\n<th colspan=\"3\" align=\"left\"><strong>Weibliche Kategorien<\/strong><\/th>\n<th colspan=\"3\" align=\"left\"><strong>M\u00e4nnliche Kategorien<\/strong><\/th>\n<th style=\"text-align: right;\"><strong>Startzeit<\/strong><\/th>\n<\/tr>\n<\/thead>\n<tbody>\n<tr>\n<td align=\"left\"><strong>U8<\/strong><\/td>\n<td align=\"left\">2019 \u2013 2020<\/td>\n<td align=\"left\">1 Runde (tot 300 m)<\/td>\n<td align=\"left\"><strong>U8<\/strong><\/td>\n<td align=\"left\">2019 \u2013 2020<\/td>\n<td align=\"left\">1 Runde (tot 300 m)<\/td>\n<td style=\"text-align: right;\">15:45<\/td>\n<\/tr>\n<tr>\n<td align=\"left\"><strong>U10<\/strong><\/td>\n<td align=\"left\">2017 \u2013 2018<\/td>\n<td align=\"left\">2 Runden (tot 600 m)<\/td>\n<td align=\"left\"><strong>U10<\/strong><\/td>\n<td align=\"left\">2017 \u2013 2018<\/td>\n<td align=\"left\">2 Runden (tot 600 m)<\/td>\n<td style=\"text-align: right;\">16:00<\/td>\n<\/tr>\n<tr>\n<td align=\"left\"><strong>U12<\/strong><\/td>\n<td align=\"left\">2015 \u2013 2016<\/td>\n<td align=\"left\">4 Runden (tot 1200 m)<\/td>\n<td align=\"left\"><strong>U12<\/strong><\/td>\n<td align=\"left\">2015 \u2013 2016<\/td>\n<td align=\"left\">4 Runden (tot 1200 m)<\/td>\n<td style=\"text-align: right;\">16:15<\/td>\n<\/tr>\n<tr>\n<td align=\"left\"><strong>U14<\/strong><\/td>\n<td align=\"left\">2013 \u2013 2014<\/td>\n<td align=\"left\">6 Runden (tot 1800 m)<\/td>\n<td align=\"left\"><strong>U14<\/strong><\/td>\n<td align=\"left\">2013 \u2013 2014<\/td>\n<td align=\"left\">6 Runden (tot 1800 m)<\/td>\n<td style=\"text-align: right;\">16:30<\/td>\n<\/tr>\n<tr>\n<td align=\"left\"><strong>U16<\/strong><\/td>\n<td align=\"left\">2011 \u2013 2012<\/td>\n<td align=\"left\">6 Runden (tot 1800 m)<\/td>\n<td align=\"left\"><strong>U16<\/strong><\/td>\n<td align=\"left\">2011 \u2013 2012<\/td>\n<td align=\"left\">6 Runden (tot 1800 m)<\/td>\n<td style=\"text-align: right;\">16:30<\/td>\n<\/tr>\n<\/tbody>\n<\/table>\n<\/div>\n<\/div><\/div><\/div><div class=\"fusion-panel panel-default panel-fec6be6dd24aa6cb3 fusion-toggle-no-divider fusion-toggle-boxed-mode\" style=\"--awb-title-color:#ff0000;--awb-content-color:#222222;\"><div class=\"panel-heading\"><h3 class=\"panel-title toggle\" id=\"toggle_fec6be6dd24aa6cb3\"><a aria-expanded=\"false\" aria-controls=\"fec6be6dd24aa6cb3\" role=\"button\" data-toggle=\"collapse\" data-parent=\"#accordion-12799-1\" data-target=\"#fec6be6dd24aa6cb3\" href=\"#fec6be6dd24aa6cb3\"><span class=\"fusion-toggle-icon-wrapper\" aria-hidden=\"true\"><i class=\"fa-fusion-box active-icon fa-angle-up fas\" aria-hidden=\"true\"><\/i><i class=\"fa-fusion-box inactive-icon fa-angle-down fas\" aria-hidden=\"true\"><\/i><\/span><span class=\"fusion-toggle-heading\">Mindestalter<\/span><\/a><\/h3><\/div><div id=\"fec6be6dd24aa6cb3\" class=\"panel-collapse collapse \" aria-labelledby=\"toggle_fec6be6dd24aa6cb3\"><div class=\"panel-body toggle-content fusion-clearfix\">\n<div class=\"fusion-text fusion-text-6\">\n<div>\n<div class=\"fusion-text fusion-text-9\">\n<p>Kinder ab 4 Jahren und kleinerers (2022 \u2013 2023 \u2013 2024) k\u00f6nnen das Rennen als Eltern-Kind bestreiten und das in Begleitung eines Erwachsenen.<\/p>\n<\/div>\n<\/div>\n<\/div>\n<\/div><\/div><\/div><div class=\"fusion-panel panel-default panel-084c74b455378c231 fusion-toggle-no-divider fusion-toggle-boxed-mode\" style=\"--awb-title-color:#ff0000;--awb-content-color:#222222;\"><div class=\"panel-heading\"><h3 class=\"panel-title toggle\" id=\"toggle_084c74b455378c231\"><a aria-expanded=\"false\" aria-controls=\"084c74b455378c231\" role=\"button\" data-toggle=\"collapse\" data-parent=\"#accordion-12799-1\" data-target=\"#084c74b455378c231\" href=\"#084c74b455378c231\"><span class=\"fusion-toggle-icon-wrapper\" aria-hidden=\"true\"><i class=\"fa-fusion-box active-icon fa-angle-up fas\" aria-hidden=\"true\"><\/i><i class=\"fa-fusion-box inactive-icon fa-angle-down fas\" aria-hidden=\"true\"><\/i><\/span><span class=\"fusion-toggle-heading\">G\u00fcltigkeit<\/span><\/a><\/h3><\/div><div id=\"084c74b455378c231\" class=\"panel-collapse collapse \" aria-labelledby=\"toggle_084c74b455378c231\"><div class=\"panel-body toggle-content fusion-clearfix\">\n<div class=\"fusion-text fusion-text-9\">\n<div class=\"fusion-text fusion-text-9\">\n<p>Das Event \u201eAscona-Locarno Run\u201c wird unter der Schirmherrschaft und gem\u00e4\u00df den Richtlinien des Schweizerischen Leichtathletikverbandes (<a href=\"http:\/\/www.swiss-athletics.ch\/\">Swiss Athletics<\/a>) veranstaltet.<\/p>\n<p>F\u00fcr die Teilnahme an den L\u00e4ufen des \u201eAscona-Locarno Run\u201c sind keine \u00e4rztlichen Atteste und keine Mitgliedschaft im Verband erforderlich; jedoch best\u00e4tigt jeder Teilnehmer bei der Anmeldung, \u201esich in einem guten Gesundheitszustand zu befinden, die Voraussetzungen f\u00fcr die Teilnahme am Wettrennen zu erf\u00fcllen und im Besitz einer entsprechenden \u00e4rztlichen Best\u00e4tigung zu sein\u201c. In jedem Fall ist jegliche diesbez\u00fcgliche Haftung der Veranstalter des \u201eAscona-Locarno Run\u201c ausgeschlossen.<\/p>\n<p>Weitere Informationen finden Sie auf der Seite <strong><a href=\"https:\/\/www.ascona-locarno-run.ch\/de\/reglement\/\">Reglement<\/a><\/strong>.<\/p>\n<\/div>\n<\/div>\n<\/div><\/div><\/div><\/div><\/div><\/div><\/div><\/div><\/div><\/p>\n","protected":false},"excerpt":{"rendered":"","protected":false},"author":3,"featured_media":0,"parent":12724,"menu_order":0,"comment_status":"closed","ping_status":"closed","template":"","meta":{"footnotes":""},"class_list":["post-12799","page","type-page","status-publish","hentry"],"yoast_head":"<!-- This site is optimized with the Yoast SEO plugin v27.5 - https:\/\/yoast.com\/product\/yoast-seo-wordpress\/ -->\n<title>KidsRun - Ascona Locarno Run<\/title>\n<meta name=\"description\" content=\"Die KidsRun ist ein Lauf, der von der \u201cAscona-Locarno Run\u201d f\u00fcr die J\u00fcngeren organisiert wird.\" \/>\n<meta name=\"robots\" content=\"index, follow, max-snippet:-1, max-image-preview:large, max-video-preview:-1\" \/>\n<link rel=\"canonical\" href=\"https:\/\/www.ascona-locarno-run.ch\/de\/rennen\/kidsrun\/\" \/>\n<meta property=\"og:locale\" content=\"de_DE\" \/>\n<meta property=\"og:type\" content=\"article\" \/>\n<meta property=\"og:title\" content=\"KidsRun - Ascona Locarno Run\" \/>\n<meta property=\"og:description\" content=\"Die KidsRun ist ein Lauf, der von der \u201cAscona-Locarno Run\u201d f\u00fcr die J\u00fcngeren organisiert wird.\" \/>\n<meta property=\"og:url\" content=\"https:\/\/www.ascona-locarno-run.ch\/de\/rennen\/kidsrun\/\" \/>\n<meta property=\"og:site_name\" content=\"Ascona-Locarno Run\" \/>\n<meta property=\"article:publisher\" content=\"https:\/\/www.facebook.com\/AsconaLocarnoRun\/\" \/>\n<meta property=\"article:modified_time\" content=\"2026-03-12T10:40:54+00:00\" \/>\n<meta property=\"og:image\" content=\"https:\/\/www.ascona-locarno-run.ch\/wp-content\/uploads\/2024\/03\/alr-FB-cover-2024.jpg\" \/>\n\t<meta property=\"og:image:width\" content=\"851\" \/>\n\t<meta property=\"og:image:height\" content=\"315\" \/>\n\t<meta property=\"og:image:type\" content=\"image\/jpeg\" \/>\n<meta name=\"twitter:card\" content=\"summary_large_image\" \/>\n<meta name=\"twitter:label1\" content=\"Gesch\u00e4tzte Lesezeit\" \/>\n\t<meta name=\"twitter:data1\" content=\"3\u00a0Minuten\" \/>\n<script type=\"application\/ld+json\" class=\"yoast-schema-graph\">{\"@context\":\"https:\\\/\\\/schema.org\",\"@graph\":[{\"@type\":\"WebPage\",\"@id\":\"https:\\\/\\\/www.ascona-locarno-run.ch\\\/de\\\/rennen\\\/kidsrun\\\/\",\"url\":\"https:\\\/\\\/www.ascona-locarno-run.ch\\\/de\\\/rennen\\\/kidsrun\\\/\",\"name\":\"KidsRun - Ascona Locarno Run\",\"isPartOf\":{\"@id\":\"https:\\\/\\\/www.ascona-locarno-run.ch\\\/#website\"},\"datePublished\":\"2016-03-09T16:02:29+00:00\",\"dateModified\":\"2026-03-12T10:40:54+00:00\",\"description\":\"Die KidsRun ist ein Lauf, der von der \u201cAscona-Locarno Run\u201d f\u00fcr die J\u00fcngeren organisiert wird.\",\"breadcrumb\":{\"@id\":\"https:\\\/\\\/www.ascona-locarno-run.ch\\\/de\\\/rennen\\\/kidsrun\\\/#breadcrumb\"},\"inLanguage\":\"de\",\"potentialAction\":[{\"@type\":\"ReadAction\",\"target\":[\"https:\\\/\\\/www.ascona-locarno-run.ch\\\/de\\\/rennen\\\/kidsrun\\\/\"]}]},{\"@type\":\"BreadcrumbList\",\"@id\":\"https:\\\/\\\/www.ascona-locarno-run.ch\\\/de\\\/rennen\\\/kidsrun\\\/#breadcrumb\",\"itemListElement\":[{\"@type\":\"ListItem\",\"position\":1,\"name\":\"Home\",\"item\":\"https:\\\/\\\/www.ascona-locarno-run.ch\\\/de\\\/\"},{\"@type\":\"ListItem\",\"position\":2,\"name\":\"Rennen\",\"item\":\"https:\\\/\\\/www.ascona-locarno-run.ch\\\/de\\\/rennen\\\/\"},{\"@type\":\"ListItem\",\"position\":3,\"name\":\"Kids Run\"}]},{\"@type\":\"WebSite\",\"@id\":\"https:\\\/\\\/www.ascona-locarno-run.ch\\\/#website\",\"url\":\"https:\\\/\\\/www.ascona-locarno-run.ch\\\/\",\"name\":\"Ascona-Locarno Run\",\"description\":\"Der perfekte Ort f\u00fcr Ihren Lauf!\",\"publisher\":{\"@id\":\"https:\\\/\\\/www.ascona-locarno-run.ch\\\/#organization\"},\"potentialAction\":[{\"@type\":\"SearchAction\",\"target\":{\"@type\":\"EntryPoint\",\"urlTemplate\":\"https:\\\/\\\/www.ascona-locarno-run.ch\\\/?s={search_term_string}\"},\"query-input\":{\"@type\":\"PropertyValueSpecification\",\"valueRequired\":true,\"valueName\":\"search_term_string\"}}],\"inLanguage\":\"de\"},{\"@type\":\"Organization\",\"@id\":\"https:\\\/\\\/www.ascona-locarno-run.ch\\\/#organization\",\"name\":\"Ascona-Locarno Run\",\"url\":\"https:\\\/\\\/www.ascona-locarno-run.ch\\\/\",\"logo\":{\"@type\":\"ImageObject\",\"inLanguage\":\"de\",\"@id\":\"https:\\\/\\\/www.ascona-locarno-run.ch\\\/#\\\/schema\\\/logo\\\/image\\\/\",\"url\":\"https:\\\/\\\/www.ascona-locarno-run.ch\\\/wp-content\\\/uploads\\\/2024\\\/02\\\/logo-alr-colored.png\",\"contentUrl\":\"https:\\\/\\\/www.ascona-locarno-run.ch\\\/wp-content\\\/uploads\\\/2024\\\/02\\\/logo-alr-colored.png\",\"width\":800,\"height\":368,\"caption\":\"Ascona-Locarno Run\"},\"image\":{\"@id\":\"https:\\\/\\\/www.ascona-locarno-run.ch\\\/#\\\/schema\\\/logo\\\/image\\\/\"},\"sameAs\":[\"https:\\\/\\\/www.facebook.com\\\/AsconaLocarnoRun\\\/\",\"https:\\\/\\\/www.instagram.com\\\/ascona_locarno_run\\\/\"]}]}<\/script>\n<!-- \/ Yoast SEO plugin. -->","yoast_head_json":{"title":"KidsRun - Ascona Locarno Run","description":"Die KidsRun ist ein Lauf, der von der \u201cAscona-Locarno Run\u201d f\u00fcr die J\u00fcngeren organisiert wird.","robots":{"index":"index","follow":"follow","max-snippet":"max-snippet:-1","max-image-preview":"max-image-preview:large","max-video-preview":"max-video-preview:-1"},"canonical":"https:\/\/www.ascona-locarno-run.ch\/de\/rennen\/kidsrun\/","og_locale":"de_DE","og_type":"article","og_title":"KidsRun - Ascona Locarno Run","og_description":"Die KidsRun ist ein Lauf, der von der \u201cAscona-Locarno Run\u201d f\u00fcr die J\u00fcngeren organisiert wird.","og_url":"https:\/\/www.ascona-locarno-run.ch\/de\/rennen\/kidsrun\/","og_site_name":"Ascona-Locarno Run","article_publisher":"https:\/\/www.facebook.com\/AsconaLocarnoRun\/","article_modified_time":"2026-03-12T10:40:54+00:00","og_image":[{"width":851,"height":315,"url":"https:\/\/www.ascona-locarno-run.ch\/wp-content\/uploads\/2024\/03\/alr-FB-cover-2024.jpg","type":"image\/jpeg"}],"twitter_card":"summary_large_image","twitter_misc":{"Gesch\u00e4tzte Lesezeit":"3\u00a0Minuten"},"schema":{"@context":"https:\/\/schema.org","@graph":[{"@type":"WebPage","@id":"https:\/\/www.ascona-locarno-run.ch\/de\/rennen\/kidsrun\/","url":"https:\/\/www.ascona-locarno-run.ch\/de\/rennen\/kidsrun\/","name":"KidsRun - Ascona Locarno Run","isPartOf":{"@id":"https:\/\/www.ascona-locarno-run.ch\/#website"},"datePublished":"2016-03-09T16:02:29+00:00","dateModified":"2026-03-12T10:40:54+00:00","description":"Die KidsRun ist ein Lauf, der von der \u201cAscona-Locarno Run\u201d f\u00fcr die J\u00fcngeren organisiert wird.","breadcrumb":{"@id":"https:\/\/www.ascona-locarno-run.ch\/de\/rennen\/kidsrun\/#breadcrumb"},"inLanguage":"de","potentialAction":[{"@type":"ReadAction","target":["https:\/\/www.ascona-locarno-run.ch\/de\/rennen\/kidsrun\/"]}]},{"@type":"BreadcrumbList","@id":"https:\/\/www.ascona-locarno-run.ch\/de\/rennen\/kidsrun\/#breadcrumb","itemListElement":[{"@type":"ListItem","position":1,"name":"Home","item":"https:\/\/www.ascona-locarno-run.ch\/de\/"},{"@type":"ListItem","position":2,"name":"Rennen","item":"https:\/\/www.ascona-locarno-run.ch\/de\/rennen\/"},{"@type":"ListItem","position":3,"name":"Kids Run"}]},{"@type":"WebSite","@id":"https:\/\/www.ascona-locarno-run.ch\/#website","url":"https:\/\/www.ascona-locarno-run.ch\/","name":"Ascona-Locarno Run","description":"Der perfekte Ort f\u00fcr Ihren Lauf!","publisher":{"@id":"https:\/\/www.ascona-locarno-run.ch\/#organization"},"potentialAction":[{"@type":"SearchAction","target":{"@type":"EntryPoint","urlTemplate":"https:\/\/www.ascona-locarno-run.ch\/?s={search_term_string}"},"query-input":{"@type":"PropertyValueSpecification","valueRequired":true,"valueName":"search_term_string"}}],"inLanguage":"de"},{"@type":"Organization","@id":"https:\/\/www.ascona-locarno-run.ch\/#organization","name":"Ascona-Locarno Run","url":"https:\/\/www.ascona-locarno-run.ch\/","logo":{"@type":"ImageObject","inLanguage":"de","@id":"https:\/\/www.ascona-locarno-run.ch\/#\/schema\/logo\/image\/","url":"https:\/\/www.ascona-locarno-run.ch\/wp-content\/uploads\/2024\/02\/logo-alr-colored.png","contentUrl":"https:\/\/www.ascona-locarno-run.ch\/wp-content\/uploads\/2024\/02\/logo-alr-colored.png","width":800,"height":368,"caption":"Ascona-Locarno Run"},"image":{"@id":"https:\/\/www.ascona-locarno-run.ch\/#\/schema\/logo\/image\/"},"sameAs":["https:\/\/www.facebook.com\/AsconaLocarnoRun\/","https:\/\/www.instagram.com\/ascona_locarno_run\/"]}]}},"_links":{"self":[{"href":"https:\/\/www.ascona-locarno-run.ch\/de\/wp-json\/wp\/v2\/pages\/12799","targetHints":{"allow":["GET"]}}],"collection":[{"href":"https:\/\/www.ascona-locarno-run.ch\/de\/wp-json\/wp\/v2\/pages"}],"about":[{"href":"https:\/\/www.ascona-locarno-run.ch\/de\/wp-json\/wp\/v2\/types\/page"}],"author":[{"embeddable":true,"href":"https:\/\/www.ascona-locarno-run.ch\/de\/wp-json\/wp\/v2\/users\/3"}],"replies":[{"embeddable":true,"href":"https:\/\/www.ascona-locarno-run.ch\/de\/wp-json\/wp\/v2\/comments?post=12799"}],"version-history":[{"count":95,"href":"https:\/\/www.ascona-locarno-run.ch\/de\/wp-json\/wp\/v2\/pages\/12799\/revisions"}],"predecessor-version":[{"id":29670,"href":"https:\/\/www.ascona-locarno-run.ch\/de\/wp-json\/wp\/v2\/pages\/12799\/revisions\/29670"}],"up":[{"embeddable":true,"href":"https:\/\/www.ascona-locarno-run.ch\/de\/wp-json\/wp\/v2\/pages\/12724"}],"wp:attachment":[{"href":"https:\/\/www.ascona-locarno-run.ch\/de\/wp-json\/wp\/v2\/media?parent=12799"}],"curies":[{"name":"wp","href":"https:\/\/api.w.org\/{rel}","templated":true}]}}